{"id":535,"date":"2015-05-25T18:59:45","date_gmt":"2015-05-25T18:59:45","guid":{"rendered":"http:\/\/jornalismo.ufsj.edu.br\/?page_id=535"},"modified":"2018-11-10T08:22:31","modified_gmt":"2018-11-10T11:22:31","slug":"grade-curricular","status":"publish","type":"page","link":"http:\/\/anu.ufsj.edu.br\/site\/grade-curricular\/","title":{"rendered":"Grade curricular"},"content":{"rendered":"<p style=\"text-align: justify;\">A matriz curricular do Curso de Comunica\u00e7\u00e3o Social &#8211; Jornalismo da UFSJ \u00e9 formada por 37 disciplinas obrigat\u00f3rias, mais duas disciplinas optativas de T\u00f3pico Vari\u00e1vel em Jornalismo Especializado e mais tr\u00eas disciplinas optativas de Semin\u00e1rios em Comunica\u00e7\u00e3o I, II e III, em que o aluno pode optar pelas disciplinas oferecidas.<\/p>\n<p style=\"text-align: justify;\">\nEntre as disciplinas oferecidas de Jornalismo Especializado e de Semin\u00e1rios em Comunica\u00e7\u00e3o, com tem\u00e1ticas que podem variar para dar din\u00e2mica, flexibilizar o curr\u00edculo e garantir maior pluralidade em termos de conhecimento, o aluno \u00e9 obrigado a cursar duas disciplinas de Jornalismo Especializado de acordo com a sua prefer\u00eancia e tr\u00eas de Semin\u00e1rios em Comunica\u00e7\u00e3o tamb\u00e9m a partir de sua escolha. Al\u00e9m disso, \u00e9 oferecida de Libra (optativa).<\/p>\n<p style=\"text-align: justify;\">\nO aluno tem que fazer ainda o Trabalho de Conclus\u00e3o de Curso (TCC), com 282 horas, mais 300 horas de Atividades Complementares (AC) e 200 horas de Est\u00e1gio Supervisionado, <strong>perfazendo um total de 3.200 horas<\/strong>. O curso \u00e9 estruturado em oito semestres de 18 semanas.<\/p>\n<h3 style=\"text-align: justify;\">1\u00ba PER\u00cdODO<\/h3>\n<p style=\"text-align: justify;\">Antropologia Cultural<br \/>\nTeorias da Comunica\u00e7\u00e3o<br \/>\nHist\u00f3ria do Jornalismo<br \/>\nNarrativas Jornal\u00edsticas<br \/>\nProdu\u00e7\u00e3o Textual<\/p>\n<h3 style=\"text-align: justify;\">2\u00ba PER\u00cdODO<\/h3>\n<p style=\"text-align: justify;\">Fotojornalismo<br \/>\nSociologia<br \/>\nTeorias do Jornalismo<br \/>\nProdu\u00e7\u00e3o Editorial<br \/>\nCi\u00eancias da Linguagem<\/p>\n<h3 style=\"text-align: justify;\">3\u00ba PER\u00cdODO<\/h3>\n<p style=\"text-align: justify;\">Filosofia<br \/>\nT\u00f3pico Vari\u00e1vel em Jornalismo Especializado I \u2013 Jornalismo Cultural<br \/>\nComunica\u00e7\u00e3o e Arte<br \/>\nRadiojornalismo \u2013 Teoria e Pr\u00e1tica<br \/>\nOficina de Jornalismo Impresso I<\/p>\n<h3 style=\"text-align: justify;\">4\u00ba PER\u00cdODO<\/h3>\n<p style=\"text-align: justify;\">Comunica\u00e7\u00e3o Digital e Webjornalismo<br \/>\nT\u00f3pico Vari\u00e1vel em Comunica\u00e7\u00e3o e Meio Ambiente<br \/>\nOficina de Radiojornalismo<br \/>\nOficina de Jornalismo Impresso II<br \/>\nMetodologia e T\u00e9cnicas de Pesquisa<br \/>\nT\u00f3pico Vari\u00e1vel em Jornalismo Especializado II \u2013 Jornalismo Pol\u00edtico, Jornalismo Econ\u00f4mico ou Jornalismo Internacional<\/p>\n<h3 style=\"text-align: justify;\">5\u00ba PER\u00cdODO<\/h3>\n<p style=\"text-align: justify;\">Comunica\u00e7\u00e3o Organizacional<br \/>\nOficina de Webjornalismo<br \/>\nT\u00f3pico Vari\u00e1vel em Jornalismo Especializado III \u2013 Jornalismo Cient\u00edfico, Jornalismo Esportivo ou Jornalismo Ambiental<br \/>\nTelejornalismo \u2013 Teoria e Pr\u00e1tica<br \/>\nCultura Brasileira e Quest\u00f5es \u00c9tnico-Raciais<\/p>\n<h3 style=\"text-align: justify;\">6\u00ba PER\u00cdODO<\/h3>\n<p style=\"text-align: justify;\">Psicologia<br \/>\nAssessoria de Comunica\u00e7\u00e3o<br \/>\nSemin\u00e1rios em Comunica\u00e7\u00e3o I<br \/>\n\u00c9tica e Legisla\u00e7\u00e3o em Jornalismo<br \/>\nAn\u00e1lise Cr\u00edtica da M\u00eddia<br \/>\nReportagens Especiais<\/p>\n<h3 style=\"text-align: justify;\">7\u00ba PER\u00cdODO<\/h3>\n<p style=\"text-align: justify;\">T\u00f3pico Vari\u00e1vel em Comunica\u00e7\u00e3o e Imagem<br \/>\nPesquisa em Comunica\u00e7\u00e3o e em Jornalismo<br \/>\nT\u00f3pico Vari\u00e1vel em Comunica\u00e7\u00e3o e Jornalismo Regional<br \/>\nSemin\u00e1rios em Comunica\u00e7\u00e3o II<br \/>\nEducomunica\u00e7\u00e3o<br \/>\nOficina de Telejornalismo<br \/>\nSistemas e Pol\u00edticas de M\u00eddia<\/p>\n<h3 style=\"text-align: justify;\">8\u00ba PER\u00cdODO<\/h3>\n<p style=\"text-align: justify;\">Projeto Experimental em Jornalismo<br \/>\nDocument\u00e1rio<br \/>\nEmpreendedorismo em Comunica\u00e7\u00e3o e em Jornalismo<br \/>\nSemin\u00e1rios em Comunica\u00e7\u00e3o III<\/p>\n<p>As ementas das disciplinas est\u00e3o dispon\u00edveis no Projeto Pedag\u00f3gico do Curso (PPC), dispon\u00edvel no <a href=\"https:\/\/drive.google.com\/open?id=1glkRGkHAhDuTToFCqinf_je7DrPiTI2t\">link<\/a>.<\/p>\n","protected":false},"excerpt":{"rendered":"<p>A matriz curricular do Curso de Comunica\u00e7\u00e3o Social &#8211; Jornalismo da UFSJ \u00e9 formada por 37 disciplinas obrigat\u00f3rias, mais duas disciplinas optativas de T\u00f3pico Vari\u00e1vel em Jornalismo Especializado e mais tr\u00eas disciplinas optativas de Semin\u00e1rios em Comunica\u00e7\u00e3o I, II e&#8230;<\/p>\n","protected":false},"author":3,"featured_media":0,"parent":0,"menu_order":0,"comment_status":"open","ping_status":"open","template":"","meta":{"_monsterinsights_skip_tracking":false,"_monsterinsights_sitenote_active":false,"_monsterinsights_sitenote_note":"","_monsterinsights_sitenote_category":0},"yoast_head":"<!-- This site is optimized with the Yoast SEO plugin v20.6 - https:\/\/yoast.com\/wordpress\/plugins\/seo\/ -->\n<title>Grade curricular - Jornalismo UFSJ<\/title>\n<meta name=\"robots\" content=\"index, follow, max-snippet:-1, max-image-preview:large, max-video-preview:-1\" \/>\n<link rel=\"canonical\" href=\"https:\/\/jornalismo.ufsj.edu.br\/site\/grade-curricular\/\" \/>\n<meta property=\"og:locale\" content=\"pt_BR\" \/>\n<meta property=\"og:type\" content=\"article\" \/>\n<meta property=\"og:title\" content=\"Grade curricular - Jornalismo UFSJ\" \/>\n<meta property=\"og:description\" content=\"A matriz curricular do Curso de Comunica\u00e7\u00e3o Social &#8211; Jornalismo da UFSJ \u00e9 formada por 37 disciplinas obrigat\u00f3rias, mais duas disciplinas optativas de T\u00f3pico Vari\u00e1vel em Jornalismo Especializado e mais tr\u00eas disciplinas optativas de Semin\u00e1rios em Comunica\u00e7\u00e3o I, II e...\" \/>\n<meta property=\"og:url\" content=\"https:\/\/jornalismo.ufsj.edu.br\/site\/grade-curricular\/\" \/>\n<meta property=\"og:site_name\" content=\"Jornalismo UFSJ\" \/>\n<meta property=\"article:publisher\" content=\"https:\/\/www.facebook.com\/jornalismoufsj\/\" \/>\n<meta property=\"article:modified_time\" content=\"2018-11-10T11:22:31+00:00\" \/>\n<meta name=\"twitter:card\" content=\"summary_large_image\" \/>\n<meta name=\"twitter:site\" content=\"@jornalismoufsj\" \/>\n<meta name=\"twitter:label1\" content=\"Est. tempo de leitura\" \/>\n\t<meta name=\"twitter:data1\" content=\"2 minutos\" \/>\n<script type=\"application\/ld+json\" class=\"yoast-schema-graph\">{\"@context\":\"https:\/\/schema.org\",\"@graph\":[{\"@type\":\"WebPage\",\"@id\":\"https:\/\/jornalismo.ufsj.edu.br\/site\/grade-curricular\/\",\"url\":\"https:\/\/jornalismo.ufsj.edu.br\/site\/grade-curricular\/\",\"name\":\"Grade curricular - Jornalismo UFSJ\",\"isPartOf\":{\"@id\":\"http:\/\/jornalismo.ufsj.edu.br\/site\/#website\"},\"datePublished\":\"2015-05-25T18:59:45+00:00\",\"dateModified\":\"2018-11-10T11:22:31+00:00\",\"breadcrumb\":{\"@id\":\"https:\/\/jornalismo.ufsj.edu.br\/site\/grade-curricular\/#breadcrumb\"},\"inLanguage\":\"pt-BR\",\"potentialAction\":[{\"@type\":\"ReadAction\",\"target\":[\"https:\/\/jornalismo.ufsj.edu.br\/site\/grade-curricular\/\"]}]},{\"@type\":\"BreadcrumbList\",\"@id\":\"https:\/\/jornalismo.ufsj.edu.br\/site\/grade-curricular\/#breadcrumb\",\"itemListElement\":[{\"@type\":\"ListItem\",\"position\":1,\"name\":\"In\u00edcio\",\"item\":\"http:\/\/jornalismo.ufsj.edu.br\/site\/\"},{\"@type\":\"ListItem\",\"position\":2,\"name\":\"Grade curricular\"}]},{\"@type\":\"WebSite\",\"@id\":\"http:\/\/jornalismo.ufsj.edu.br\/site\/#website\",\"url\":\"http:\/\/jornalismo.ufsj.edu.br\/site\/\",\"name\":\"Jornalismo UFSJ\",\"description\":\"\",\"potentialAction\":[{\"@type\":\"SearchAction\",\"target\":{\"@type\":\"EntryPoint\",\"urlTemplate\":\"http:\/\/jornalismo.ufsj.edu.br\/site\/?s={search_term_string}\"},\"query-input\":\"required name=search_term_string\"}],\"inLanguage\":\"pt-BR\"}]}<\/script>\n<!-- \/ Yoast SEO plugin. -->","yoast_head_json":{"title":"Grade curricular - Jornalismo UFSJ","robots":{"index":"index","follow":"follow","max-snippet":"max-snippet:-1","max-image-preview":"max-image-preview:large","max-video-preview":"max-video-preview:-1"},"canonical":"https:\/\/jornalismo.ufsj.edu.br\/site\/grade-curricular\/","og_locale":"pt_BR","og_type":"article","og_title":"Grade curricular - Jornalismo UFSJ","og_description":"A matriz curricular do Curso de Comunica\u00e7\u00e3o Social &#8211; Jornalismo da UFSJ \u00e9 formada por 37 disciplinas obrigat\u00f3rias, mais duas disciplinas optativas de T\u00f3pico Vari\u00e1vel em Jornalismo Especializado e mais tr\u00eas disciplinas optativas de Semin\u00e1rios em Comunica\u00e7\u00e3o I, II e...","og_url":"https:\/\/jornalismo.ufsj.edu.br\/site\/grade-curricular\/","og_site_name":"Jornalismo UFSJ","article_publisher":"https:\/\/www.facebook.com\/jornalismoufsj\/","article_modified_time":"2018-11-10T11:22:31+00:00","twitter_card":"summary_large_image","twitter_site":"@jornalismoufsj","twitter_misc":{"Est. tempo de leitura":"2 minutos"},"schema":{"@context":"https:\/\/schema.org","@graph":[{"@type":"WebPage","@id":"https:\/\/jornalismo.ufsj.edu.br\/site\/grade-curricular\/","url":"https:\/\/jornalismo.ufsj.edu.br\/site\/grade-curricular\/","name":"Grade curricular - Jornalismo UFSJ","isPartOf":{"@id":"http:\/\/jornalismo.ufsj.edu.br\/site\/#website"},"datePublished":"2015-05-25T18:59:45+00:00","dateModified":"2018-11-10T11:22:31+00:00","breadcrumb":{"@id":"https:\/\/jornalismo.ufsj.edu.br\/site\/grade-curricular\/#breadcrumb"},"inLanguage":"pt-BR","potentialAction":[{"@type":"ReadAction","target":["https:\/\/jornalismo.ufsj.edu.br\/site\/grade-curricular\/"]}]},{"@type":"BreadcrumbList","@id":"https:\/\/jornalismo.ufsj.edu.br\/site\/grade-curricular\/#breadcrumb","itemListElement":[{"@type":"ListItem","position":1,"name":"In\u00edcio","item":"http:\/\/jornalismo.ufsj.edu.br\/site\/"},{"@type":"ListItem","position":2,"name":"Grade curricular"}]},{"@type":"WebSite","@id":"http:\/\/jornalismo.ufsj.edu.br\/site\/#website","url":"http:\/\/jornalismo.ufsj.edu.br\/site\/","name":"Jornalismo UFSJ","description":"","potentialAction":[{"@type":"SearchAction","target":{"@type":"EntryPoint","urlTemplate":"http:\/\/jornalismo.ufsj.edu.br\/site\/?s={search_term_string}"},"query-input":"required name=search_term_string"}],"inLanguage":"pt-BR"}]}},"_links":{"self":[{"href":"http:\/\/anu.ufsj.edu.br\/site\/wp-json\/wp\/v2\/pages\/535"}],"collection":[{"href":"http:\/\/anu.ufsj.edu.br\/site\/wp-json\/wp\/v2\/pages"}],"about":[{"href":"http:\/\/anu.ufsj.edu.br\/site\/wp-json\/wp\/v2\/types\/page"}],"author":[{"embeddable":true,"href":"http:\/\/anu.ufsj.edu.br\/site\/wp-json\/wp\/v2\/users\/3"}],"replies":[{"embeddable":true,"href":"http:\/\/anu.ufsj.edu.br\/site\/wp-json\/wp\/v2\/comments?post=535"}],"version-history":[{"count":2,"href":"http:\/\/anu.ufsj.edu.br\/site\/wp-json\/wp\/v2\/pages\/535\/revisions"}],"predecessor-version":[{"id":6465,"href":"http:\/\/anu.ufsj.edu.br\/site\/wp-json\/wp\/v2\/pages\/535\/revisions\/6465"}],"wp:attachment":[{"href":"http:\/\/anu.ufsj.edu.br\/site\/wp-json\/wp\/v2\/media?parent=535"}],"curies":[{"name":"wp","href":"https:\/\/api.w.org\/{rel}","templated":true}]}}