{"id":546,"date":"2015-05-25T19:12:57","date_gmt":"2015-05-25T19:12:57","guid":{"rendered":"http:\/\/jornalismo.ufsj.edu.br\/?page_id=546"},"modified":"2019-09-04T17:44:16","modified_gmt":"2019-09-04T20:44:16","slug":"projetos-experimentais","status":"publish","type":"page","link":"http:\/\/anu.ufsj.edu.br\/site\/projetos-experimentais\/","title":{"rendered":"Projetos experimentais"},"content":{"rendered":"<div class=\"title\">\n<h2>TCC<\/h2>\n<\/div>\n<div class=\"entry\">\n<p>O Projeto Experimental, relacionado ao Trabalho de Conclus\u00e3o do Curso (TCC), \u00e9 desenvolvido no oitavo per\u00edodo do curso de Comunica\u00e7\u00e3o Social &#8211; Jornalismo, com uma carga hor\u00e1ria de 256 h\/a, tendo um professor orientador definido pela afinidade de \u00e1rea tem\u00e1tica.\u00a0Ao final, o aluno executar\u00e1 o projeto, tendo que passar por uma banca avaliadora de tr\u00eas professores.<\/p>\n<p>O TCC \u00e9 iniciado no s\u00e9timo per\u00edodo nas disciplinas \u201cIntrodu\u00e7\u00e3o ao Projeto Experimental\u201d e &#8220;Projeto Experimental I&#8221;, quando o aluno j\u00e1 define no <b><a href=\"https:\/\/docs.google.com\/file\/d\/0B7I7il5I6I6aaF9qQ2xXVWhMMTA\/edit?usp=sharing\" target=\"_blank\" rel=\"noopener noreferrer\">projeto<\/a><\/b> se pretende fazer: um trabalho monogr\u00e1fico individual ou um produto.\u00a0Os alunos devem preencher um formul\u00e1rio\u00a0de indica\u00e7\u00e3o de poss\u00edveis orientadores &#8211; Op\u00e7\u00e3o 1, 2, 3 e 4, procurando apontar os docentes que t\u00eam afinidades tem\u00e1ticas com o que v\u00e3o trabalhar. A defini\u00e7\u00e3o do(a) professor(a) orientador(a) do TCC \u00e9 feita pelos membros do N\u00facleo Docente Estruturante (NDE) do curso.<\/p>\n<p>Para participar da disciplina &#8220;Projeto Experimental II&#8221;, \u00e9 pr\u00e9-requisito a aprova\u00e7\u00e3o nas duas disciplinas anteriormente citadas. O orientador ser\u00e1 o mesmo do projeto.<\/p>\n<p>Em caso de produto, o <b><a href=\"https:\/\/drive.google.com\/file\/d\/1ZxJiOPNd-fURGFdKOemTIEzWNYXkZ0ff\/view?usp=sharing\" target=\"_blank\" rel=\"noopener noreferrer\">memorial descritivo<\/a><\/b> deve conter de 5 a 10 p\u00e1ginas de texto. A monografia pode ter de 30 a 50 p\u00e1ginas [Fonte: Times New Roman, Corpo: 12, Espa\u00e7amento 1,5 &#8211; Cita\u00e7\u00e3o&gt; Corpo: 11, Espa\u00e7amento: simples]. \u00a0O Universia Brasil resumiu em um <b><a href=\"http:\/\/cultura.universia.com.br\/tutoriais\/monografias\/01.jsp\" target=\"_blank\" rel=\"noopener noreferrer\">tutorial como montar uma monografia<\/a><\/b>. No dia da defesa o aluno ter\u00e1 20 minutos para a sua apresenta\u00e7\u00e3o.<\/p>\n<p>ATEN\u00c7\u00c3O! Na situa\u00e7\u00e3o em que restar apenas Est\u00e1gio Supervisionado, Monografia ou outras formas de Trabalho de Conclus\u00e3o de Curso e Atividades Complementares para serem conclu\u00eddos e mesmo que haja tempo dentro do m\u00e1ximo previsto, a inscri\u00e7\u00e3o nas referidas unidades s\u00f3 poder\u00e1 ser solicitada por 2 semestres, de acordo com <b><a href=\"https:\/\/docs.google.com\/file\/d\/0B7I7il5I6I6aRzhMa29YRXRqZGc\/edit?usp=sharing\" target=\"_blank\" rel=\"noopener noreferrer\">Resolu\u00e7\u00e3o do Conep<\/a><\/b>.<\/p>\n<p><b><a href=\"https:\/\/docs.google.com\/file\/d\/0B7I7il5I6I6aMDhtdEdxck5LU2c\/edit?pli=1\" target=\"_blank\" rel=\"noopener noreferrer\">Normas de Regulamenta\u00e7\u00e3o do TCC<\/a><\/b><\/p>\n<p><b><a href=\"https:\/\/docs.google.com\/file\/d\/0B7I7il5I6I6aRWZnUm5NRmZnamM\/edit?usp=sharing\" target=\"_blank\" rel=\"noopener noreferrer\">Orienta\u00e7\u00f5es de Funcionamento<\/a><\/b><\/p>\n<p><b><a href=\"https:\/\/docs.google.com\/file\/d\/0B7I7il5I6I6adXYtbm5FMklqM28\/edit?usp=sharing\" target=\"_blank\" rel=\"noopener noreferrer\">Formul\u00e1rio para Apresenta\u00e7\u00e3o do TCC<\/a><\/b><\/p>\n<p>Confira os TCCs apresentados no curso de Comunica\u00e7\u00e3o Social &#8211; Jornalismo da UFSJ:<\/p>\n<p><b>APLICATIVOS<\/b><br \/>\n\u2022\u00a0Barroso em Quadrinhos<br \/>\nAluno: Douglas Batista Gon\u00e7alves\u00a0(2015)<br \/>\nOrientadora: Prof.\u00a0Alessandra de Falco<br \/>\n(<b>app &#8211; site<\/b>\u00a0&#8211;\u00a0<b><a href=\"https:\/\/docs.google.com\/document\/d\/1bH6EXoaDWkTi-b1ixL8DFB8gP1tUqHvtxoWtszDXK3c\/edit?usp=sharing\" target=\"_blank\" rel=\"noopener noreferrer\">memorial descritivo<\/a><\/b>)<\/p>\n<p><b>DOCUMENT\u00c1RIOS<\/b><br \/>\n<span style=\"color: #ff0000\">\u2022\u00a0Qualquer Nome Serve<\/span><br \/>\n<span style=\"color: #ff0000\"> Alunas: Isadora Silva e Yulle Marques (2014)<\/span><br \/>\n<span style=\"color: #ff0000\"> Orientador: Prof. Francisco Brinati<\/span><br \/>\n<span style=\"color: #ff0000\"> (<b><a style=\"color: #ff0000\" href=\"https:\/\/www.youtube.com\/watch?v=sB-CwXB0Bjw\" target=\"_blank\" rel=\"noopener noreferrer\">v\u00eddeo<\/a><\/b>\u00a0&#8211;\u00a0<b>memorial descritivo<\/b>)<\/span><\/p>\n<p>\u2022\u00a0Cadeira de Barbeiro \u00e9 um Confession\u00e1rio<br \/>\nAluna: Mariana Sibele Fernandes (2013)<br \/>\nOrientador: Prof. Jo\u00e3o Barreto da Fonseca<br \/>\n(<b><a href=\"https:\/\/www.youtube.com\/watch?v=_i-qHbHlAKQ\" target=\"_blank\" rel=\"noopener noreferrer\">v\u00eddeo<\/a><\/b>\u00a0&#8211; <b><a href=\"https:\/\/drive.google.com\/file\/d\/0B7I7il5I6I6aQ3JfMmYwVUVGSFU\/edit?usp=sharing\" target=\"_blank\" rel=\"noopener noreferrer\">memorial descritivo<\/a><\/b>)<\/p>\n<p>\u2022\u00a0&#8220;Em cada emo\u00e7\u00e3o&#8221;: 50 anos da Lira Imaculada Concei\u00e7\u00e3o de S\u00e3o Tiago MG<br \/>\nAlunos: Bruno Ribeiro Caputo e Michele Maria Vieira Santana (2013)<br \/>\nOrienta\u00e7\u00e3o: Prof. Luciene T\u00f3foli<br \/>\n(<b><a href=\"http:\/\/www.youtube.com\/watch?v=EVHryGbazrE\" target=\"_blank\" rel=\"noopener noreferrer\">v\u00eddeo<\/a><\/b>\u00a0&#8211;\u00a0<b><a href=\"https:\/\/docs.google.com\/file\/d\/0B7I7il5I6I6adjJrS0pRRGEzZmc\/edit?usp=sharing\" target=\"_blank\" rel=\"noopener noreferrer\">memorial descritivo<\/a><\/b>)<\/p>\n<p>\u2022\u00a0Al\u00e9m do som<br \/>\nAlunas: Karen Leonita Magalh\u00e3es, Abreu Natasha Terra Passos de Souza e Suellen Passarelli (2012)<br \/>\nOrienta\u00e7\u00e3o: Prof. Ivan Figueiredo<br \/>\n(<b><a href=\"https:\/\/docs.google.com\/file\/d\/0B7I7il5I6I6aMzB1WE0tSkRHYjg\/edit?usp=sharing\" target=\"_blank\" rel=\"noopener noreferrer\">memorial descritivo<\/a><\/b>)<\/p>\n<p><b>LIVROS<\/b><\/p>\n<p>\u2022\u00a0Realidades Musicais<br \/>\nAluno: Bruna de Faria\u00a0(2015)<br \/>\nOrienta\u00e7\u00e3o: Prof.\u00a0Alessandra de Falco<br \/>\n(<b><a href=\"https:\/\/drive.google.com\/file\/d\/0B4mequtDokK_Q1V6Y21PRXVNWFE\/view?usp=sharing\" target=\"_blank\" rel=\"noopener noreferrer\">livro<\/a><\/b>\u00a0&#8211;\u00a0<b><a href=\"https:\/\/docs.google.com\/document\/d\/1B82R_sMFNBdmuAkjKCFJ8IKjP_fj33YCl-uEN6Q_WaA\/edit?usp=sharing\" target=\"_blank\" rel=\"noopener noreferrer\">memorial descritivo<\/a><\/b>)<\/p>\n<p>\u2022\u00a0Onde est\u00e1 S\u00e3o Jo\u00e3o?<br \/>\nAluno: Danielle M\u00e1rcia Hachmann de Lacerda\u00a0(2015)<br \/>\nOrienta\u00e7\u00e3o: Prof.\u00a0Alessandra de Falco<br \/>\n(<b><a href=\"https:\/\/drive.google.com\/file\/d\/0BzN5IkiTTAieLVhkS1ExYUR6QTQ\/view?usp=sharing\" target=\"_blank\" rel=\"noopener noreferrer\">livro<\/a><\/b>\u00a0&#8211;\u00a0<b><a href=\"https:\/\/docs.google.com\/document\/d\/1Oz4V4KwCUOuBjKD2-5oDQXZAngn_Xony2iVqNzW9_eU\/edit?usp=sharing\" target=\"_blank\" rel=\"noopener noreferrer\">memorial descritivo<\/a><\/b>)<\/p>\n<p>\u2022 Pedras de Geni<br \/>\nAluno: Eduardo Henrique de Oliveira Gaio (2014)<br \/>\nOrienta\u00e7\u00e3o: Prof. Douglas Caputo de Castro<br \/>\n(<b><a href=\"http:\/\/issuu.com\/ehog200\/docs\/pedras_de_geni\/1\" target=\"_blank\" rel=\"noopener noreferrer\">livro<\/a><\/b>\u00a0&#8211;\u00a0<b><a href=\"https:\/\/drive.google.com\/file\/d\/0B7I7il5I6I6aMmd5MXVrSlhTbDA\/view?usp=sharing\" target=\"_blank\" rel=\"noopener noreferrer\">memorial descritivo<\/a><\/b>)<\/p>\n<p>\u2022 Pr\u00f3xima Pauta: Retrospectiva em Tirinhas<br \/>\nAluno: Rodrigo Antunes de Souza (2014)<br \/>\nOrienta\u00e7\u00e3o: Prof. Alessandra de Falco<br \/>\n(<b><a href=\"https:\/\/drive.google.com\/file\/d\/0B7I7il5I6I6aZHRxUGR5R2xhM1E\/edit?usp=sharing\" target=\"_blank\" rel=\"noopener noreferrer\">livro<\/a><\/b>\u00a0&#8211;\u00a0<b><a href=\"https:\/\/drive.google.com\/file\/d\/0B7I7il5I6I6aQ3MzQzVvdFV6cjA\/edit?usp=sharing\" target=\"_blank\" rel=\"noopener noreferrer\">memorial descritivo<\/a><\/b>)<\/p>\n<p>\u2022 Game Reporter: O perfil dos jornalistas de jogos no Brasil<br \/>\nAlunos: Gabriel S. Riceputi e Jo\u00e3o Eurico Heyden Jr. (2014)<br \/>\nOrienta\u00e7\u00e3o: Prof. Alessandra de Falco<br \/>\n(<b><a href=\"https:\/\/drive.google.com\/file\/d\/0B7I7il5I6I6aUVBvTUhqYWNuYzg\/edit?usp=sharing\" target=\"_blank\" rel=\"noopener noreferrer\">livro<\/a><\/b>\u00a0&#8211;\u00a0<b><a href=\"https:\/\/drive.google.com\/file\/d\/0B7I7il5I6I6aMkVCc1hSWGt1R3M\/edit?usp=sharing\" target=\"_blank\" rel=\"noopener noreferrer\">memorial descritivo<\/a><\/b>)<\/p>\n<p><b>MONOGRAFIAS<\/b><br \/>\n<span style=\"color: #ff0000\">\u2022\u00a0T\u00e9cnicas de telejornalismo na TV e na Web-TV: estudo de caso sobre os canais Globo News e Terra TV<\/span><br \/>\n<span style=\"color: #ff0000\"> Aluno: Marina Ratton (2015)<\/span><br \/>\n<span style=\"color: #ff0000\"> Orientador: Prof. Alessandra de Falco<\/span><br \/>\n<span style=\"color: #ff0000\"> (<b><a style=\"color: #ff0000\" href=\"https:\/\/drive.google.com\/drive\/folders\/0B7I7il5I6I6aRWNjcy0wYzAzVzg\" target=\"_blank\" rel=\"noopener noreferrer\">monografia<\/a>\u00a0&#8211; <a style=\"color: #ff0000\" href=\"https:\/\/prezi.com\/xthxto3curpl\/tecnicas-de-telejornalismo-na-tv-e-na-web-tv-estudo-de-caso-sobre-os-canais-globo-news-e-terra-tv\/\" target=\"_blank\" rel=\"noopener noreferrer\">apresenta\u00e7\u00e3o<\/a><\/b>)<\/span><\/p>\n<p>\u2022 Ninjas Fora do Eixo<br \/>\nAluno: Andre Salmer\u00f3n (2014)<br \/>\nOrientador: Prof. Ivan Vasconcelos<br \/>\n(<b><a href=\"https:\/\/drive.google.com\/file\/d\/0B7I7il5I6I6aTjVlM0cxLWtEWHc\/view?usp=sharing\" target=\"_blank\" rel=\"noopener noreferrer\">monografia<\/a><\/b>)<\/p>\n<p>\u2022\u00a0Educomunica\u00e7\u00e3o e Religi\u00e3o: A Comunica\u00e7\u00e3o Organizacional no Terceiro Setor<br \/>\nAluno: Helvister Geraldo Resende (2014)<br \/>\nOrientadora: Prof: Alessandra de Falco<br \/>\n(<b><a href=\"https:\/\/drive.google.com\/file\/d\/0B7I7il5I6I6aMDlncEZGOG83Ujg\/view?usp=sharing\" target=\"_blank\" rel=\"noopener noreferrer\">monografia<\/a><\/b> &#8211; <b><a href=\"https:\/\/drive.google.com\/file\/d\/0B7I7il5I6I6aYU9jWm1Zcl94eGc\/view?usp=sharing\" target=\"_blank\" rel=\"noopener noreferrer\">apresenta\u00e7\u00e3o<\/a><\/b>)<\/p>\n<p>\u2022\u00a0Crit\u00e9rios de noticiabilidade: uma an\u00e1lise de conte\u00fado sobre a cobertura dos Jogos Ol\u00edmpicos de Londres 2012 no telejornal\u00edstico Esporte Espetacular da TV Globo<br \/>\nAluno: Alisson Reis Gonzaga Orientadora (2012)<br \/>\nOrientadora: Prof. Filomena Maria Avelina Bomfim<\/p>\n<p>\u2022\u00a0UFC e M\u00eddia: A constru\u00e7\u00e3o do mito Anderson Silva<br \/>\nAluna: Emanuelle Resende Ribeiro (2014)<br \/>\nOrientador: Prof. Francisco Brinati<br \/>\n(<b><a href=\"https:\/\/drive.google.com\/file\/d\/0B7I7il5I6I6aX1kzaFZZYUxUdXc\/edit?usp=sharing\" target=\"_blank\" rel=\"noopener noreferrer\">monografia<\/a><\/b>)<\/p>\n<p>\u2022\u00a0A constru\u00e7\u00e3o das agendas midi\u00e1ticas pol\u00edticas. Uma an\u00e1lise comparativa da cobertura do Portal Uol sobre os protestos de junho de 2013<br \/>\nAluno: Marcelo Alves dos Santos J\u00fanior (2014)<br \/>\nOrientador: Prof. Luiz Ademir de Oliveira<br \/>\n(<b><a href=\"https:\/\/drive.google.com\/file\/d\/0B7I7il5I6I6aNWtEZnNMOG5GbXc\/edit?usp=sharing\" target=\"_blank\" rel=\"noopener noreferrer\">monografia<\/a><\/b>)<\/p>\n<p>\u2022\u00a0As estrat\u00e9gias de comunica\u00e7\u00e3o do Movimento Gay da Regi\u00e3o das Vertentes para a constru\u00e7\u00e3o da cidadania de L\u00e9sbicas, Gays, Bissexuais, Travestis e Transexuais em S\u00e3o Jo\u00e3o del-Rei- MG<br \/>\nAluno: Carlos Henrique Bem Gon\u00e7alves (2014)<br \/>\nOrientador: Prof. Luiz Ademir de Oliveira<\/p>\n<p>\u2022\u00a0Assessoria de Comunica\u00e7\u00e3o do Partido dos Trabalhadores (PT) de Minas Gerais: Estudo de caso sobre estrat\u00e9gias comunicacionais e discursos pol\u00edticos<br \/>\nAluna: Walqu\u00edria Domingues de Souza (2014)<br \/>\nOrientador: Prof. Ivan Vasconcelos Figueiredo<br \/>\n(<b><a href=\"https:\/\/drive.google.com\/file\/d\/0B7I7il5I6I6aQndYZHNTcTBpTWs\/edit?usp=sharing\" target=\"_blank\" rel=\"noopener noreferrer\">monografia<\/a><\/b>)<\/p>\n<p>\u2022\u00a0Imagens Organizacionais da Vale: como a Companhia projeta diferentes eth\u00e9 de si para as imprensas mineira e capixaba<br \/>\nAluna: Yvye Nathalie Prado da Silveira (2014)<br \/>\nOrientador: Prof. Ivan Vasconcelos Figueiredo<br \/>\n(<b><a href=\"https:\/\/drive.google.com\/file\/d\/0B7I7il5I6I6aQ0lnVVpvZEx2OVU\/edit?usp=sharing\" target=\"_blank\" rel=\"noopener noreferrer\">monografia<\/a><\/b>)<\/p>\n<p>\u2022\u00a0O papel da assessoria no gerenciamento de crise na internet: estudo de caso das empresas PepsiCo e Kraft Foods<br \/>\nAluna: Anna J\u00falia Silveira Magalh\u00e3es (2014)<br \/>\nOrientador: Prof. Ivan Vasconcelos Figueiredo<br \/>\n(<b><a href=\"https:\/\/drive.google.com\/file\/d\/0B7I7il5I6I6aZVZsTmRtcWE3UVE\/edit?usp=sharing\" target=\"_blank\" rel=\"noopener noreferrer\">monografia<\/a><\/b>)<\/p>\n<p>\u2022\u00a0Paris: como a cidade luz \u00e9 retratada na mat\u00e9ria de capa de revistas de turismo<br \/>\nAluna: Claudia Batista Lino Rodrigues (2014)<br \/>\nOrienta\u00e7\u00e3o: Prof. Alessandra de Falco<br \/>\n(<b><a href=\"https:\/\/drive.google.com\/file\/d\/0B7I7il5I6I6adXYtS3MyMy1aRTQ\/edit?usp=sharing\" target=\"_blank\" rel=\"noopener noreferrer\">monografia<\/a><\/b>\u00a0&#8211;\u00a0<a href=\"https:\/\/drive.google.com\/file\/d\/0B7I7il5I6I6aRVV1RFd2YXZMazQ\/edit?usp=sharing\" target=\"_blank\" rel=\"noopener noreferrer\"><b>apresenta\u00e7\u00e3o<\/b><\/a>)<\/p>\n<p>\u2022 O perfil de gestores de empresas de comunica\u00e7\u00e3o &#8211; Os casos da In Press Porter Novelli, Ag\u00eancia Ideal e Approach Comunica\u00e7\u00e3o Integrada<br \/>\nAluna: Isadora Silveira Brito (2014)<br \/>\nOrienta\u00e7\u00e3o: Prof. Alessandra de Falco<br \/>\n(<b><a href=\"https:\/\/drive.google.com\/file\/d\/0B7I7il5I6I6abHNPUDhCLXZzWVU\/edit?usp=sharing\" target=\"_blank\" rel=\"noopener noreferrer\">monografia<\/a><\/b> &#8211; <a href=\"https:\/\/drive.google.com\/file\/d\/0B7I7il5I6I6aOVRVVEowTks4YjA\/edit?usp=sharing\" target=\"_blank\" rel=\"noopener noreferrer\"><b>apresenta\u00e7\u00e3o<\/b><\/a>)<\/p>\n<p>\u2022\u00a0A comunica\u00e7\u00e3o como diferencial no processo de gerenciamento de projetos<br \/>\nAluno: Pedro D&#8217;Angelo Resende (2014)<br \/>\nOrienta\u00e7\u00e3o: Prof. Alessandra de Falco<br \/>\n(<b><a href=\"https:\/\/drive.google.com\/file\/d\/0B7I7il5I6I6aOFhheVJEWXhuX3M\/edit?usp=sharing\" target=\"_blank\" rel=\"noopener noreferrer\">monografia<\/a><\/b> &#8211; <b><a href=\"https:\/\/drive.google.com\/file\/d\/0B7I7il5I6I6aWDhGOVpjdnhoRXM\/edit?usp=sharing\" target=\"_blank\" rel=\"noopener noreferrer\">apresenta\u00e7\u00e3o<\/a><\/b>)<\/p>\n<p>\u2022\u00a0O telespectador e a not\u00edcia: Por que nem tudo vai ao ar?<br \/>\nAluno: Franklin F\u00e9lix de Oliveira (2014)<br \/>\nOrienta\u00e7\u00e3o: Prof. Alessandra de Falco<br \/>\n(<b><a href=\"https:\/\/drive.google.com\/file\/d\/0B7I7il5I6I6admttUmllTVk2RDQ\/edit?usp=sharing\" target=\"_blank\" rel=\"noopener noreferrer\">monografia<\/a><\/b>\u00a0&#8211;\u00a0<b><a href=\"https:\/\/drive.google.com\/file\/d\/0B7I7il5I6I6admZsRXI3UjhySlk\/edit?usp=sharing\" target=\"_blank\" rel=\"noopener noreferrer\">apresenta\u00e7\u00e3o<\/a><\/b>)<\/p>\n<p>\u2022\u00a0Estudos de casos de gerenciamento de crises em redes sociais<br \/>\nAluna: Ana Pessoa Santos (2013)<br \/>\nOrienta\u00e7\u00e3o: Prof. Alessandra de Falco<br \/>\n(<b><a href=\"https:\/\/drive.google.com\/file\/d\/0B7I7il5I6I6aZWdOLWdxOWd0WGc\/edit?usp=sharing\" target=\"_blank\" rel=\"noopener noreferrer\">monografia<\/a><\/b> &#8211; <b><a href=\"https:\/\/drive.google.com\/file\/d\/0B7I7il5I6I6adnhMY29SOXI5ZFU\/edit?usp=sharing\" target=\"_blank\" rel=\"noopener noreferrer\">apresenta\u00e7\u00e3o<\/a><\/b>)<\/p>\n<p>\u2022\u00a0Moda para al\u00e9m da medida: a representa\u00e7\u00e3o do plus size no portal e na revista TPM em 2012<br \/>\nAluna: Ayalla Simone dos Anjos Nicolau (2013)<br \/>\nOrienta\u00e7\u00e3o:\u00a0Prof. Luiz Ademir de Oliveira<br \/>\n(<b><a href=\"https:\/\/drive.google.com\/file\/d\/0B7I7il5I6I6acUlFY2Jod1U1cGM\/edit?usp=sharing\" target=\"_blank\" rel=\"noopener noreferrer\">monografia<\/a><\/b>)<br \/>\n<b><br \/>\n<\/b><b>PRODUTOS DIGITAIS<\/b><br \/>\n\u2022 Projeto Arte em Foco<br \/>\nAluna: Melina Almeida (2015)<br \/>\nOrienta\u00e7\u00e3o: Prof. Alessandra de Falco<br \/>\n(<b><a href=\"http:\/\/projetoarteemfoco.com.br\/\">blog<\/a><\/b>\u00a0&#8211;\u00a0<b><a href=\"https:\/\/drive.google.com\/drive\/folders\/0B7I7il5I6I6aRWNjcy0wYzAzVzg\">memorial<\/a><\/b>)<br \/>\n<b><br \/>\n<\/b> <b>REVISTAS<\/b><br \/>\n\u2022 Cevada &#8211; a sua revista sobre cervejas especiais<br \/>\nAlunos: Fernanda Morais, Luisa Pinha, Milla Fernandes (2014)<br \/>\nOrienta\u00e7\u00e3o: Prof. Alessandra de Falco<br \/>\n(<b><a href=\"http:\/\/issuu.com\/revistacevada\/docs\/revista_cevada\" target=\"_blank\" rel=\"noopener noreferrer\">revista<\/a><\/b>\u00a0&#8211; <b><a href=\"https:\/\/drive.google.com\/file\/d\/0B7I7il5I6I6aX20wRDN2eDdOdEk\/view?usp=sharing\" target=\"_blank\" rel=\"noopener noreferrer\">memorial<\/a><\/b>)<br \/>\n<b><br \/>\n<\/b> <b>S\u00c9RIE TELEVISIVA<\/b><br \/>\n\u2022 &#8220;Estudando fora&#8221;: o imperialismo do mercado, a liberdade das rep\u00fablicas e a gest\u00e3o democr\u00e1tica da moradia estudantil<br \/>\nAlunos: Sthephanne Fernandes (2014)<br \/>\nOrienta\u00e7\u00e3o: Prof. Luciene T\u00f3foli<br \/>\n(<b><a href=\"https:\/\/drive.google.com\/file\/d\/0B9y4PkGnJBxeWVNDVDZvTnEyYzQ\/edit\" target=\"_blank\" rel=\"noopener noreferrer\">memorial<\/a>\u00a0+<\/b>\u00a0<a href=\"https:\/\/youtu.be\/8erGuPQMS9s\" target=\"_blank\" rel=\"noopener noreferrer\"><b>Epis\u00f3dio 1<\/b><\/a> + <a href=\"https:\/\/youtu.be\/F-vB-0KXU6U\" target=\"_blank\" rel=\"noopener noreferrer\"><b>Epis\u00f3dio 2<\/b><\/a> + <a href=\"https:\/\/youtu.be\/QIs7C5NEY9A\" target=\"_blank\" rel=\"noopener noreferrer\"><b>Epis\u00f3dio 3<\/b><\/a> + <a href=\"https:\/\/youtu.be\/FPM5O4OhxIY\" target=\"_blank\" rel=\"noopener noreferrer\"><b>Epis\u00f3dio 4<\/b><\/a>)<\/p>\n<p><b>REPORTAGEM<\/b><br \/>\n<span style=\"color: #ff0000\">\u2022 Reportagem em quadrinhos na Ag\u00eancia P\u00fablica<\/span><br \/>\n<span style=\"color: #ff0000\"> Alunos: Bruna de Faria (2015)<\/span><br \/>\n<span style=\"color: #ff0000\"> Orienta\u00e7\u00e3o: Prof. Alessandra de Falco<\/span><br \/>\n<span style=\"color: #ff0000\"> (<strong><a style=\"color: #ff0000\" href=\"https:\/\/drive.google.com\/drive\/folders\/0B7I7il5I6I6aRWNjcy0wYzAzVzg\">monografia<\/a>)<\/strong><\/span><\/p>\n<p><span style=\"color: #ff0000\"><b>MONOGRAFIA<\/b><\/span><br \/>\n<span style=\"color: #ff0000\"> \u2022 Processo de produ\u00e7\u00e3o ciberjornal\u00edstico \u00a0na Tribuna de Minas ( Juiz de Fora)<\/span><br \/>\n<span style=\"color: #ff0000\"> Alunos: Clara Varginha (2015)<\/span><br \/>\n<span style=\"color: #ff0000\"> Orienta\u00e7\u00e3o: Prof. Alessandra de Falco<\/span><br \/>\n<span style=\"color: #ff0000\"> (<strong><a style=\"color: #ff0000\" href=\"https:\/\/drive.google.com\/drive\/folders\/0B7I7il5I6I6aRWNjcy0wYzAzVzg\">monografia<\/a>)<\/strong><\/span><\/p>\n<\/div>\n","protected":false},"excerpt":{"rendered":"<p>TCC O Projeto Experimental, relacionado ao Trabalho de Conclus\u00e3o do Curso (TCC), \u00e9 desenvolvido no oitavo per\u00edodo do curso de Comunica\u00e7\u00e3o Social &#8211; Jornalismo, com uma carga hor\u00e1ria de 256 h\/a, tendo um professor orientador definido pela afinidade de \u00e1rea&#8230;<\/p>\n","protected":false},"author":3,"featured_media":0,"parent":0,"menu_order":0,"comment_status":"open","ping_status":"open","template":"","meta":{"_monsterinsights_skip_tracking":false,"_monsterinsights_sitenote_active":false,"_monsterinsights_sitenote_note":"","_monsterinsights_sitenote_category":0},"yoast_head":"<!-- This site is optimized with the Yoast SEO plugin v20.6 - https:\/\/yoast.com\/wordpress\/plugins\/seo\/ -->\n<title>Projetos experimentais - Jornalismo UFSJ<\/title>\n<meta name=\"robots\" content=\"index, follow, max-snippet:-1, max-image-preview:large, max-video-preview:-1\" \/>\n<link rel=\"canonical\" href=\"http:\/\/jornalismo.ufsj.edu.br\/site\/projetos-experimentais\/\" \/>\n<meta property=\"og:locale\" content=\"pt_BR\" \/>\n<meta property=\"og:type\" content=\"article\" \/>\n<meta property=\"og:title\" content=\"Projetos experimentais - Jornalismo UFSJ\" \/>\n<meta property=\"og:description\" content=\"TCC O Projeto Experimental, relacionado ao Trabalho de Conclus\u00e3o do Curso (TCC), \u00e9 desenvolvido no oitavo per\u00edodo do curso de Comunica\u00e7\u00e3o Social &#8211; Jornalismo, com uma carga hor\u00e1ria de 256 h\/a, tendo um professor orientador definido pela afinidade de \u00e1rea...\" \/>\n<meta property=\"og:url\" content=\"http:\/\/jornalismo.ufsj.edu.br\/site\/projetos-experimentais\/\" \/>\n<meta property=\"og:site_name\" content=\"Jornalismo UFSJ\" \/>\n<meta property=\"article:publisher\" content=\"https:\/\/www.facebook.com\/jornalismoufsj\/\" \/>\n<meta property=\"article:modified_time\" content=\"2019-09-04T20:44:16+00:00\" \/>\n<meta name=\"twitter:card\" content=\"summary_large_image\" \/>\n<meta name=\"twitter:site\" content=\"@jornalismoufsj\" \/>\n<meta name=\"twitter:label1\" content=\"Est. tempo de leitura\" \/>\n\t<meta name=\"twitter:data1\" content=\"6 minutos\" \/>\n<script type=\"application\/ld+json\" class=\"yoast-schema-graph\">{\"@context\":\"https:\/\/schema.org\",\"@graph\":[{\"@type\":\"WebPage\",\"@id\":\"http:\/\/jornalismo.ufsj.edu.br\/site\/projetos-experimentais\/\",\"url\":\"http:\/\/jornalismo.ufsj.edu.br\/site\/projetos-experimentais\/\",\"name\":\"Projetos experimentais - Jornalismo UFSJ\",\"isPartOf\":{\"@id\":\"http:\/\/jornalismo.ufsj.edu.br\/site\/#website\"},\"datePublished\":\"2015-05-25T19:12:57+00:00\",\"dateModified\":\"2019-09-04T20:44:16+00:00\",\"breadcrumb\":{\"@id\":\"http:\/\/jornalismo.ufsj.edu.br\/site\/projetos-experimentais\/#breadcrumb\"},\"inLanguage\":\"pt-BR\",\"potentialAction\":[{\"@type\":\"ReadAction\",\"target\":[\"http:\/\/jornalismo.ufsj.edu.br\/site\/projetos-experimentais\/\"]}]},{\"@type\":\"BreadcrumbList\",\"@id\":\"http:\/\/jornalismo.ufsj.edu.br\/site\/projetos-experimentais\/#breadcrumb\",\"itemListElement\":[{\"@type\":\"ListItem\",\"position\":1,\"name\":\"In\u00edcio\",\"item\":\"http:\/\/jornalismo.ufsj.edu.br\/site\/\"},{\"@type\":\"ListItem\",\"position\":2,\"name\":\"Projetos experimentais\"}]},{\"@type\":\"WebSite\",\"@id\":\"http:\/\/jornalismo.ufsj.edu.br\/site\/#website\",\"url\":\"http:\/\/jornalismo.ufsj.edu.br\/site\/\",\"name\":\"Jornalismo UFSJ\",\"description\":\"\",\"potentialAction\":[{\"@type\":\"SearchAction\",\"target\":{\"@type\":\"EntryPoint\",\"urlTemplate\":\"http:\/\/jornalismo.ufsj.edu.br\/site\/?s={search_term_string}\"},\"query-input\":\"required name=search_term_string\"}],\"inLanguage\":\"pt-BR\"}]}<\/script>\n<!-- \/ Yoast SEO plugin. -->","yoast_head_json":{"title":"Projetos experimentais - Jornalismo UFSJ","robots":{"index":"index","follow":"follow","max-snippet":"max-snippet:-1","max-image-preview":"max-image-preview:large","max-video-preview":"max-video-preview:-1"},"canonical":"http:\/\/jornalismo.ufsj.edu.br\/site\/projetos-experimentais\/","og_locale":"pt_BR","og_type":"article","og_title":"Projetos experimentais - Jornalismo UFSJ","og_description":"TCC O Projeto Experimental, relacionado ao Trabalho de Conclus\u00e3o do Curso (TCC), \u00e9 desenvolvido no oitavo per\u00edodo do curso de Comunica\u00e7\u00e3o Social &#8211; Jornalismo, com uma carga hor\u00e1ria de 256 h\/a, tendo um professor orientador definido pela afinidade de \u00e1rea...","og_url":"http:\/\/jornalismo.ufsj.edu.br\/site\/projetos-experimentais\/","og_site_name":"Jornalismo UFSJ","article_publisher":"https:\/\/www.facebook.com\/jornalismoufsj\/","article_modified_time":"2019-09-04T20:44:16+00:00","twitter_card":"summary_large_image","twitter_site":"@jornalismoufsj","twitter_misc":{"Est. tempo de leitura":"6 minutos"},"schema":{"@context":"https:\/\/schema.org","@graph":[{"@type":"WebPage","@id":"http:\/\/jornalismo.ufsj.edu.br\/site\/projetos-experimentais\/","url":"http:\/\/jornalismo.ufsj.edu.br\/site\/projetos-experimentais\/","name":"Projetos experimentais - Jornalismo UFSJ","isPartOf":{"@id":"http:\/\/jornalismo.ufsj.edu.br\/site\/#website"},"datePublished":"2015-05-25T19:12:57+00:00","dateModified":"2019-09-04T20:44:16+00:00","breadcrumb":{"@id":"http:\/\/jornalismo.ufsj.edu.br\/site\/projetos-experimentais\/#breadcrumb"},"inLanguage":"pt-BR","potentialAction":[{"@type":"ReadAction","target":["http:\/\/jornalismo.ufsj.edu.br\/site\/projetos-experimentais\/"]}]},{"@type":"BreadcrumbList","@id":"http:\/\/jornalismo.ufsj.edu.br\/site\/projetos-experimentais\/#breadcrumb","itemListElement":[{"@type":"ListItem","position":1,"name":"In\u00edcio","item":"http:\/\/jornalismo.ufsj.edu.br\/site\/"},{"@type":"ListItem","position":2,"name":"Projetos experimentais"}]},{"@type":"WebSite","@id":"http:\/\/jornalismo.ufsj.edu.br\/site\/#website","url":"http:\/\/jornalismo.ufsj.edu.br\/site\/","name":"Jornalismo UFSJ","description":"","potentialAction":[{"@type":"SearchAction","target":{"@type":"EntryPoint","urlTemplate":"http:\/\/jornalismo.ufsj.edu.br\/site\/?s={search_term_string}"},"query-input":"required name=search_term_string"}],"inLanguage":"pt-BR"}]}},"_links":{"self":[{"href":"http:\/\/anu.ufsj.edu.br\/site\/wp-json\/wp\/v2\/pages\/546"}],"collection":[{"href":"http:\/\/anu.ufsj.edu.br\/site\/wp-json\/wp\/v2\/pages"}],"about":[{"href":"http:\/\/anu.ufsj.edu.br\/site\/wp-json\/wp\/v2\/types\/page"}],"author":[{"embeddable":true,"href":"http:\/\/anu.ufsj.edu.br\/site\/wp-json\/wp\/v2\/users\/3"}],"replies":[{"embeddable":true,"href":"http:\/\/anu.ufsj.edu.br\/site\/wp-json\/wp\/v2\/comments?post=546"}],"version-history":[{"count":1,"href":"http:\/\/anu.ufsj.edu.br\/site\/wp-json\/wp\/v2\/pages\/546\/revisions"}],"predecessor-version":[{"id":6721,"href":"http:\/\/anu.ufsj.edu.br\/site\/wp-json\/wp\/v2\/pages\/546\/revisions\/6721"}],"wp:attachment":[{"href":"http:\/\/anu.ufsj.edu.br\/site\/wp-json\/wp\/v2\/media?parent=546"}],"curies":[{"name":"wp","href":"https:\/\/api.w.org\/{rel}","templated":true}]}}