{"id":6096,"date":"2017-06-03T18:48:35","date_gmt":"2017-06-03T21:48:35","guid":{"rendered":"http:\/\/jornalismo.ufsj.edu.br\/?page_id=6096"},"modified":"2017-06-03T19:27:26","modified_gmt":"2017-06-03T22:27:26","slug":"mosaico-comunicacao-junior","status":"publish","type":"page","link":"http:\/\/anu.ufsj.edu.br\/site\/mosaico-comunicacao-junior\/","title":{"rendered":"Mosaico Comunica\u00e7\u00e3o J\u00fanior"},"content":{"rendered":"<p>Em 2012, a Mosaico Comunica\u00e7\u00e3o Jr. iniciou seus trabalhos como empresa j\u00fanior de Comunica\u00e7\u00e3o Social &#8211; Jornalismo da UFSJ dando voz ao empreendedorismo no curso.<\/p>\n<p>Empresa j\u00fanior \u00e9 a empresa liderada e formada pelos pr\u00f3prios alunos com a tutoria de professores, sem fins lucrativos, ou seja, tudo \u00e9 investido na capacita\u00e7\u00e3o dos membros. Atrav\u00e9s da empresa j\u00fanior, \u00e9 poss\u00edvel ter o contato mais cedo com o mercado de trabalho e aplicar conhecimentos te\u00f3ricos na pr\u00e1tica.\u00a0 Al\u00e9m da oportunidade de networking, os alunos tamb\u00e9m podem participar das inst\u00e2ncias maiores do Movimento Brasil J\u00fanior.<\/p>\n<p>A Mosaico faz parte da <a href=\"http:\/\/www.cenjelinkedej.com.br\">Cenje<\/a>, <a href=\"http:\/\/www.fejemg.org.br\">Fejemg<\/a>, a maior federa\u00e7\u00e3o de empresas juniores do mundo, e <a href=\"http:\/\/www.brasiljunior.org.br\">Brasil J\u00fanior<\/a>.<\/p>\n<p>Atualmente, tem como professor tutor Cristiano Otaviano. Os processos seletivos acontecem anualmente, e todos os alunos t\u00eam a oportunidade de participar de per\u00edodos de forma\u00e7\u00e3o da cultura empreendedora e do desenvolvimento t\u00e9cnico de profissionais da comunica\u00e7\u00e3o.<\/p>\n<p>A Mosaico oferece projetos na \u00e1rea de: fotografia, assessoria de comunica\u00e7\u00e3o, produ\u00e7\u00e3o audiovisual, cria\u00e7\u00e3o de artes e marcas, manuten\u00e7\u00e3o de redes sociais, diagrama\u00e7\u00e3o e revis\u00e3o de textos. Acesso nosso portf\u00f3lio <a href=\"https:\/\/issuu.com\/mosaicojr\/docs\/portf__lio_digital\">aqui<\/a>.<\/p>\n<p>A mascote <a href=\"https:\/\/www.facebook.com\/kitsunedomej\/\">Kitsune<\/a> representa a esperteza e ast\u00facia, al\u00e9m de ser o s\u00edmbolo do Jornalismo.<\/p>\n<p>Quer saber mais sobre a Mosaico?<br \/>\nSite: <a href=\"http:\/\/www.mosaicojr.com.br\">www.mosaicojr.com.br<\/a><br \/>\nFanpage:<a href=\"https:\/\/www.facebook.com\/mosaicocomunicacaojr\/\"> https:\/\/www.facebook.com\/mosaicocomunicacaojr\/<\/a><br \/>\nMascote: <a href=\"https:\/\/www.facebook.com\/kitsunedomej\/\">https:\/\/www.facebook.com\/kitsunedomej\/<\/a><br \/>\nInstagram: <a href=\"https:\/\/www.instagram.com\/mosaicojr\/\">@mosaicojr<\/a><br \/>\nFlickr: <a href=\"https:\/\/www.flickr.com\/people\/mosaicojr\/\">https:\/\/www.flickr.com\/people\/mosaicojr\/<\/a><br \/>\nYoutube: <a href=\"https:\/\/www.youtube.com\/channel\/UCj70SGutbsQ0mjlE7LdkOnw\">Mosaico Jr.<\/a><br \/>\nBehance: <a href=\"https:\/\/www.behance.net\/mosaicojr\">https:\/\/www.behance.net\/mosaicojr<\/a><br \/>\nVimeo: <a href=\"https:\/\/vimeo.com\/mosaicojr\">https:\/\/vimeo.com\/mosaicojr<\/a><br \/>\nEmail: <a href=\"mailto:contato@mosaicojr.com.br\">contato@mosaicojr.com.br<\/a><\/p>\n<p>N\u00e3o deixe de falar com a gente!<\/p>\n<p><iframe loading=\"lazy\" src=\"https:\/\/www.youtube.com\/embed\/mlioq0RMTBo?ecver=1\" width=\"560\" height=\"315\" frameborder=\"0\" allowfullscreen=\"allowfullscreen\"><\/iframe><\/p>\n<p><strong>Endere\u00e7o:<\/strong> Pra\u00e7a Frei Orlando, 170, Campus Santos Ant\u00f4nio, Sala 2.08, Pr\u00e9dio Verde (Antigo Pr\u00e9dio do DEPEL). Centro, S\u00e3o Jo\u00e3o del-Rei<\/p>\n<p>&nbsp;<\/p>\n<h6 style=\"text-align: center;\">Esse texto foi escrito pelos membros da Mosaico Comunica\u00e7\u00e3o J\u00fanior.<\/h6>\n<p>&nbsp;<\/p>\n<p>&nbsp;<\/p>\n","protected":false},"excerpt":{"rendered":"<p>Em 2012, a Mosaico Comunica\u00e7\u00e3o Jr. iniciou seus trabalhos como empresa j\u00fanior de Comunica\u00e7\u00e3o Social &#8211; Jornalismo da UFSJ dando voz ao empreendedorismo no curso. Empresa j\u00fanior \u00e9 a empresa liderada e formada pelos pr\u00f3prios alunos com a tutoria de&#8230;<\/p>\n","protected":false},"author":3,"featured_media":0,"parent":0,"menu_order":0,"comment_status":"closed","ping_status":"closed","template":"","meta":{"_monsterinsights_skip_tracking":false,"_monsterinsights_sitenote_active":false,"_monsterinsights_sitenote_note":"","_monsterinsights_sitenote_category":0},"yoast_head":"<!-- This site is optimized with the Yoast SEO plugin v20.6 - https:\/\/yoast.com\/wordpress\/plugins\/seo\/ -->\n<title>Mosaico Comunica\u00e7\u00e3o J\u00fanior - Jornalismo UFSJ<\/title>\n<meta name=\"robots\" content=\"index, follow, max-snippet:-1, max-image-preview:large, max-video-preview:-1\" \/>\n<link rel=\"canonical\" href=\"http:\/\/jornalismo.ufsj.edu.br\/site\/mosaico-comunicacao-junior\/\" \/>\n<meta property=\"og:locale\" content=\"pt_BR\" \/>\n<meta property=\"og:type\" content=\"article\" \/>\n<meta property=\"og:title\" content=\"Mosaico Comunica\u00e7\u00e3o J\u00fanior - Jornalismo UFSJ\" \/>\n<meta property=\"og:description\" content=\"Em 2012, a Mosaico Comunica\u00e7\u00e3o Jr. iniciou seus trabalhos como empresa j\u00fanior de Comunica\u00e7\u00e3o Social &#8211; Jornalismo da UFSJ dando voz ao empreendedorismo no curso. Empresa j\u00fanior \u00e9 a empresa liderada e formada pelos pr\u00f3prios alunos com a tutoria de...\" \/>\n<meta property=\"og:url\" content=\"http:\/\/jornalismo.ufsj.edu.br\/site\/mosaico-comunicacao-junior\/\" \/>\n<meta property=\"og:site_name\" content=\"Jornalismo UFSJ\" \/>\n<meta property=\"article:publisher\" content=\"https:\/\/www.facebook.com\/jornalismoufsj\/\" \/>\n<meta property=\"article:modified_time\" content=\"2017-06-03T22:27:26+00:00\" \/>\n<meta name=\"twitter:card\" content=\"summary_large_image\" \/>\n<meta name=\"twitter:site\" content=\"@jornalismoufsj\" \/>\n<meta name=\"twitter:label1\" content=\"Est. tempo de leitura\" \/>\n\t<meta name=\"twitter:data1\" content=\"2 minutos\" \/>\n<script type=\"application\/ld+json\" class=\"yoast-schema-graph\">{\"@context\":\"https:\/\/schema.org\",\"@graph\":[{\"@type\":\"WebPage\",\"@id\":\"http:\/\/jornalismo.ufsj.edu.br\/site\/mosaico-comunicacao-junior\/\",\"url\":\"http:\/\/jornalismo.ufsj.edu.br\/site\/mosaico-comunicacao-junior\/\",\"name\":\"Mosaico Comunica\u00e7\u00e3o J\u00fanior - Jornalismo UFSJ\",\"isPartOf\":{\"@id\":\"http:\/\/jornalismo.ufsj.edu.br\/site\/#website\"},\"datePublished\":\"2017-06-03T21:48:35+00:00\",\"dateModified\":\"2017-06-03T22:27:26+00:00\",\"breadcrumb\":{\"@id\":\"http:\/\/jornalismo.ufsj.edu.br\/site\/mosaico-comunicacao-junior\/#breadcrumb\"},\"inLanguage\":\"pt-BR\",\"potentialAction\":[{\"@type\":\"ReadAction\",\"target\":[\"http:\/\/jornalismo.ufsj.edu.br\/site\/mosaico-comunicacao-junior\/\"]}]},{\"@type\":\"BreadcrumbList\",\"@id\":\"http:\/\/jornalismo.ufsj.edu.br\/site\/mosaico-comunicacao-junior\/#breadcrumb\",\"itemListElement\":[{\"@type\":\"ListItem\",\"position\":1,\"name\":\"In\u00edcio\",\"item\":\"http:\/\/jornalismo.ufsj.edu.br\/site\/\"},{\"@type\":\"ListItem\",\"position\":2,\"name\":\"Mosaico Comunica\u00e7\u00e3o J\u00fanior\"}]},{\"@type\":\"WebSite\",\"@id\":\"http:\/\/jornalismo.ufsj.edu.br\/site\/#website\",\"url\":\"http:\/\/jornalismo.ufsj.edu.br\/site\/\",\"name\":\"Jornalismo UFSJ\",\"description\":\"\",\"potentialAction\":[{\"@type\":\"SearchAction\",\"target\":{\"@type\":\"EntryPoint\",\"urlTemplate\":\"http:\/\/jornalismo.ufsj.edu.br\/site\/?s={search_term_string}\"},\"query-input\":\"required name=search_term_string\"}],\"inLanguage\":\"pt-BR\"}]}<\/script>\n<!-- \/ Yoast SEO plugin. -->","yoast_head_json":{"title":"Mosaico Comunica\u00e7\u00e3o J\u00fanior - Jornalismo UFSJ","robots":{"index":"index","follow":"follow","max-snippet":"max-snippet:-1","max-image-preview":"max-image-preview:large","max-video-preview":"max-video-preview:-1"},"canonical":"http:\/\/jornalismo.ufsj.edu.br\/site\/mosaico-comunicacao-junior\/","og_locale":"pt_BR","og_type":"article","og_title":"Mosaico Comunica\u00e7\u00e3o J\u00fanior - Jornalismo UFSJ","og_description":"Em 2012, a Mosaico Comunica\u00e7\u00e3o Jr. iniciou seus trabalhos como empresa j\u00fanior de Comunica\u00e7\u00e3o Social &#8211; Jornalismo da UFSJ dando voz ao empreendedorismo no curso. Empresa j\u00fanior \u00e9 a empresa liderada e formada pelos pr\u00f3prios alunos com a tutoria de...","og_url":"http:\/\/jornalismo.ufsj.edu.br\/site\/mosaico-comunicacao-junior\/","og_site_name":"Jornalismo UFSJ","article_publisher":"https:\/\/www.facebook.com\/jornalismoufsj\/","article_modified_time":"2017-06-03T22:27:26+00:00","twitter_card":"summary_large_image","twitter_site":"@jornalismoufsj","twitter_misc":{"Est. tempo de leitura":"2 minutos"},"schema":{"@context":"https:\/\/schema.org","@graph":[{"@type":"WebPage","@id":"http:\/\/jornalismo.ufsj.edu.br\/site\/mosaico-comunicacao-junior\/","url":"http:\/\/jornalismo.ufsj.edu.br\/site\/mosaico-comunicacao-junior\/","name":"Mosaico Comunica\u00e7\u00e3o J\u00fanior - Jornalismo UFSJ","isPartOf":{"@id":"http:\/\/jornalismo.ufsj.edu.br\/site\/#website"},"datePublished":"2017-06-03T21:48:35+00:00","dateModified":"2017-06-03T22:27:26+00:00","breadcrumb":{"@id":"http:\/\/jornalismo.ufsj.edu.br\/site\/mosaico-comunicacao-junior\/#breadcrumb"},"inLanguage":"pt-BR","potentialAction":[{"@type":"ReadAction","target":["http:\/\/jornalismo.ufsj.edu.br\/site\/mosaico-comunicacao-junior\/"]}]},{"@type":"BreadcrumbList","@id":"http:\/\/jornalismo.ufsj.edu.br\/site\/mosaico-comunicacao-junior\/#breadcrumb","itemListElement":[{"@type":"ListItem","position":1,"name":"In\u00edcio","item":"http:\/\/jornalismo.ufsj.edu.br\/site\/"},{"@type":"ListItem","position":2,"name":"Mosaico Comunica\u00e7\u00e3o J\u00fanior"}]},{"@type":"WebSite","@id":"http:\/\/jornalismo.ufsj.edu.br\/site\/#website","url":"http:\/\/jornalismo.ufsj.edu.br\/site\/","name":"Jornalismo UFSJ","description":"","potentialAction":[{"@type":"SearchAction","target":{"@type":"EntryPoint","urlTemplate":"http:\/\/jornalismo.ufsj.edu.br\/site\/?s={search_term_string}"},"query-input":"required name=search_term_string"}],"inLanguage":"pt-BR"}]}},"_links":{"self":[{"href":"http:\/\/anu.ufsj.edu.br\/site\/wp-json\/wp\/v2\/pages\/6096"}],"collection":[{"href":"http:\/\/anu.ufsj.edu.br\/site\/wp-json\/wp\/v2\/pages"}],"about":[{"href":"http:\/\/anu.ufsj.edu.br\/site\/wp-json\/wp\/v2\/types\/page"}],"author":[{"embeddable":true,"href":"http:\/\/anu.ufsj.edu.br\/site\/wp-json\/wp\/v2\/users\/3"}],"replies":[{"embeddable":true,"href":"http:\/\/anu.ufsj.edu.br\/site\/wp-json\/wp\/v2\/comments?post=6096"}],"version-history":[{"count":5,"href":"http:\/\/anu.ufsj.edu.br\/site\/wp-json\/wp\/v2\/pages\/6096\/revisions"}],"predecessor-version":[{"id":6112,"href":"http:\/\/anu.ufsj.edu.br\/site\/wp-json\/wp\/v2\/pages\/6096\/revisions\/6112"}],"wp:attachment":[{"href":"http:\/\/anu.ufsj.edu.br\/site\/wp-json\/wp\/v2\/media?parent=6096"}],"curies":[{"name":"wp","href":"https:\/\/api.w.org\/{rel}","templated":true}]}}