{"id":683,"date":"2015-08-07T20:27:57","date_gmt":"2015-08-07T20:27:57","guid":{"rendered":"http:\/\/jornalismo.ufsj.edu.br\/?page_id=683"},"modified":"2015-08-07T20:27:57","modified_gmt":"2015-08-07T20:27:57","slug":"biblioteca","status":"publish","type":"page","link":"http:\/\/anu.ufsj.edu.br\/site\/biblioteca\/","title":{"rendered":"Biblioteca"},"content":{"rendered":"<p style=\"text-align:left;\"><a href=\"http:\/\/jornalismo.ufsj.edu.br\/wp-content\/uploads\/2015\/08\/bibliotecaufsj2.jpg\"><img loading=\"lazy\" class=\"size-medium wp-image-762 alignleft\" src=\"http:\/\/jornalismo.ufsj.edu.br\/wp-content\/uploads\/2015\/08\/bibliotecaufsj2.jpg?w=300\" alt=\"bibliotecaufsj2\" width=\"300\" height=\"225\" \/><\/a>A <strong><a href=\"http:\/\/www.dibib.ufsj.edu.br\/\" target=\"_blank\">Divis\u00e3o de Biblioteca da Universidade Federal de S\u00e3o Jo\u00e3o del Rei<\/a><\/strong> \u00e9 um \u00f3rg\u00e3o de presta\u00e7\u00e3o de servi\u00e7os vinculado administrativamente \u00e0 Pr\u00f3 -Reitoria de Pesquisa e Gradua\u00e7\u00e3o e tem como finalidade promover a aquisi\u00e7\u00e3o, organiza\u00e7\u00e3o, conserva\u00e7\u00e3o e dissemina\u00e7\u00e3o da informa\u00e7\u00e3o \u00e0 comunidade universit\u00e1ria, de forma a contribuir para o desenvolvimento dos programas de ensino, pesquisa e extens\u00e3o e reunir, organizar, manter e divulgar a produ\u00e7\u00e3o intelectual da Universidade. O hor\u00e1rio de atendimento na Biblioteca do CTAN, onde est\u00e1 localizado o acervo do Curso de Comunica\u00e7\u00e3o Social &#8211; Jornalismo, \u00e9 das\u00a08h \u00e0s 22h30.\u00a0A biblioteca funciona tamb\u00e9m online, j\u00e1 que o usu\u00e1rio pode fazer <strong><a href=\"http:\/\/www.dibib.ufsj.edu.br\/cgi-bin\/wxis.exe?IsisScript=phl82.xis&amp;cipar=phl82.cip&amp;lang=por\" target=\"_blank\">busca ao acervo<\/a><\/strong> e saber se o livro est\u00e1 dispon\u00edvel ou n\u00e3o para o empr\u00e9stimo. Outros servi\u00e7os dispon\u00edveis s\u00e3o a <strong><a href=\"http:\/\/www.dibib.ufsj.edu.br\/cgi-bin\/wxis.exe?IsisScript=phl82.xis&amp;cipar=phl82.cip&amp;lang=por\" target=\"_blank\">reserva e renova\u00e7\u00e3o<\/a><\/strong> de livro atrav\u00e9s da internet.<\/p>\n<p><strong>REFER\u00caNCIAS SOBRE COMUNICA\u00c7\u00c3O<\/strong><\/p>\n<p>\u2022 <strong><a href=\"http:\/\/bndigital.bn.br\/\" target=\"_blank\">Biblioteca Nacional Digital do Brasil<\/a><\/strong><br \/>\n\u2022 Biblioteca Online de Ci\u00eancias da Comunica\u00e7\u00e3o &#8211; <strong><a href=\"http:\/\/www.bocc.ubi.pt\/\" target=\"_blank\">BOCC<\/a><\/strong><br \/>\n\u2022 Biblioteca virtual do <strong><a href=\"http:\/\/knightcenter.utexas.edu\/pt-br\/digitallibrary\" target=\"_blank\">Knight Center for Journalism in the Americas<\/a><\/strong><br \/>\n\u2022 Biblioteca virtual sobre Comunica\u00e7\u00e3o do <strong><a href=\"http:\/\/blogmidia8.com\/biblioteca-virtual-html\" target=\"_blank\">blog m\u00eddia8<\/a><\/strong><br \/>\n\u2022 Livros <strong><a href=\"http:\/\/www.livroslabcom.ubi.pt\/index.php\" target=\"_blank\">LabCom<\/a><\/strong><br \/>\n\u2022 Revistas Eletr\u00f4nicas de Ci\u00eancias da Comunica\u00e7\u00e3o &#8211;\u00a0<strong><a href=\"http:\/\/www.portcom.intercom.org.br\/revistas\/\" target=\"_blank\">REVCOM<\/a><\/strong><br \/>\n\u2022\u00a0Revista<strong> <a href=\"http:\/\/www.compos.org.br\/seer\/index.php\/e-compos\" target=\"_blank\">E-COMP\u00d3S<\/a><\/strong><\/p>\n<p><strong>DICAS DE LEITURA<\/strong><\/p>\n<p><strong>\u2022\u00a0<a href=\"http:\/\/www.aberje.com.br\/\" target=\"_blank\">Aberje<\/a><\/strong><br \/>\n<strong> \u2022 <a href=\"http:\/\/www.portalintercom.org.br\/\" target=\"_blank\">Intercom<\/a><\/strong><br \/>\n<strong> \u2022\u00a0<a href=\"http:\/\/www.observatoriodaimprensa.com.br\/\" target=\"_blank\">Observat\u00f3rio da Imprensa<\/a><\/strong><\/p>\n<p><strong>PORTAIS DE PERI\u00d3DICOS<\/strong><\/p>\n<p><strong>\u2022<a href=\"http:\/\/www-periodicos-capes-gov-br.ez32.periodicos.capes.gov.br\/\" target=\"_blank\">Portal de peri\u00f3dicos da Capes<\/a><\/strong><br \/>\n<strong> \u2022<a href=\"http:\/\/www.sciencedirect.com\/\" target=\"_blank\">Science Direct<\/a><\/strong><br \/>\n<strong> \u2022<a href=\"http:\/\/www.scielo.org\/php\/index.php\" target=\"_blank\">SciELO<\/a><\/strong><br \/>\n<strong> \u2022\u00a0<a href=\"http:\/\/www.bibliotecadigital.unicamp.br\/\" target=\"_blank\">Sistema Digital da Unicamp<\/a><\/strong><br \/>\n<strong> \u2022\u00a0<a href=\"http:\/\/www.jstor.org\/\" target=\"_blank\">JStor<\/a><\/strong><\/p>\n","protected":false},"excerpt":{"rendered":"<p>A Divis\u00e3o de Biblioteca da Universidade Federal de S\u00e3o Jo\u00e3o del Rei \u00e9 um \u00f3rg\u00e3o de presta\u00e7\u00e3o de servi\u00e7os vinculado administrativamente \u00e0 Pr\u00f3 -Reitoria de Pesquisa e Gradua\u00e7\u00e3o e tem como finalidade promover a aquisi\u00e7\u00e3o, organiza\u00e7\u00e3o, conserva\u00e7\u00e3o e dissemina\u00e7\u00e3o da&#8230;<\/p>\n","protected":false},"author":3,"featured_media":0,"parent":0,"menu_order":0,"comment_status":"open","ping_status":"open","template":"","meta":{"_monsterinsights_skip_tracking":false,"_monsterinsights_sitenote_active":false,"_monsterinsights_sitenote_note":"","_monsterinsights_sitenote_category":0},"yoast_head":"<!-- This site is optimized with the Yoast SEO plugin v20.6 - https:\/\/yoast.com\/wordpress\/plugins\/seo\/ -->\n<title>Biblioteca - Jornalismo UFSJ<\/title>\n<meta name=\"robots\" content=\"index, follow, max-snippet:-1, max-image-preview:large, max-video-preview:-1\" \/>\n<link rel=\"canonical\" href=\"http:\/\/anu.ufsj.edu.br\/site\/biblioteca\/\" \/>\n<meta property=\"og:locale\" content=\"pt_BR\" \/>\n<meta property=\"og:type\" content=\"article\" \/>\n<meta property=\"og:title\" content=\"Biblioteca - Jornalismo UFSJ\" \/>\n<meta property=\"og:description\" content=\"A Divis\u00e3o de Biblioteca da Universidade Federal de S\u00e3o Jo\u00e3o del Rei \u00e9 um \u00f3rg\u00e3o de presta\u00e7\u00e3o de servi\u00e7os vinculado administrativamente \u00e0 Pr\u00f3 -Reitoria de Pesquisa e Gradua\u00e7\u00e3o e tem como finalidade promover a aquisi\u00e7\u00e3o, organiza\u00e7\u00e3o, conserva\u00e7\u00e3o e dissemina\u00e7\u00e3o da...\" \/>\n<meta property=\"og:url\" content=\"http:\/\/anu.ufsj.edu.br\/site\/biblioteca\/\" \/>\n<meta property=\"og:site_name\" content=\"Jornalismo UFSJ\" \/>\n<meta property=\"article:publisher\" content=\"https:\/\/www.facebook.com\/jornalismoufsj\/\" \/>\n<meta property=\"og:image\" content=\"http:\/\/jornalismo.ufsj.edu.br\/wp-content\/uploads\/2015\/08\/bibliotecaufsj2.jpg?w=300\" \/>\n<meta name=\"twitter:card\" content=\"summary_large_image\" \/>\n<meta name=\"twitter:site\" content=\"@jornalismoufsj\" \/>\n<meta name=\"twitter:label1\" content=\"Est. tempo de leitura\" \/>\n\t<meta name=\"twitter:data1\" content=\"1 minuto\" \/>\n<script type=\"application\/ld+json\" class=\"yoast-schema-graph\">{\"@context\":\"https:\/\/schema.org\",\"@graph\":[{\"@type\":\"WebPage\",\"@id\":\"http:\/\/anu.ufsj.edu.br\/site\/biblioteca\/\",\"url\":\"http:\/\/anu.ufsj.edu.br\/site\/biblioteca\/\",\"name\":\"Biblioteca - Jornalismo UFSJ\",\"isPartOf\":{\"@id\":\"http:\/\/jornalismo.ufsj.edu.br\/site\/#website\"},\"datePublished\":\"2015-08-07T20:27:57+00:00\",\"dateModified\":\"2015-08-07T20:27:57+00:00\",\"breadcrumb\":{\"@id\":\"http:\/\/anu.ufsj.edu.br\/site\/biblioteca\/#breadcrumb\"},\"inLanguage\":\"pt-BR\",\"potentialAction\":[{\"@type\":\"ReadAction\",\"target\":[\"http:\/\/anu.ufsj.edu.br\/site\/biblioteca\/\"]}]},{\"@type\":\"BreadcrumbList\",\"@id\":\"http:\/\/anu.ufsj.edu.br\/site\/biblioteca\/#breadcrumb\",\"itemListElement\":[{\"@type\":\"ListItem\",\"position\":1,\"name\":\"In\u00edcio\",\"item\":\"http:\/\/jornalismo.ufsj.edu.br\/site\/\"},{\"@type\":\"ListItem\",\"position\":2,\"name\":\"Biblioteca\"}]},{\"@type\":\"WebSite\",\"@id\":\"http:\/\/jornalismo.ufsj.edu.br\/site\/#website\",\"url\":\"http:\/\/jornalismo.ufsj.edu.br\/site\/\",\"name\":\"Jornalismo UFSJ\",\"description\":\"\",\"potentialAction\":[{\"@type\":\"SearchAction\",\"target\":{\"@type\":\"EntryPoint\",\"urlTemplate\":\"http:\/\/jornalismo.ufsj.edu.br\/site\/?s={search_term_string}\"},\"query-input\":\"required name=search_term_string\"}],\"inLanguage\":\"pt-BR\"}]}<\/script>\n<!-- \/ Yoast SEO plugin. -->","yoast_head_json":{"title":"Biblioteca - Jornalismo UFSJ","robots":{"index":"index","follow":"follow","max-snippet":"max-snippet:-1","max-image-preview":"max-image-preview:large","max-video-preview":"max-video-preview:-1"},"canonical":"http:\/\/anu.ufsj.edu.br\/site\/biblioteca\/","og_locale":"pt_BR","og_type":"article","og_title":"Biblioteca - Jornalismo UFSJ","og_description":"A Divis\u00e3o de Biblioteca da Universidade Federal de S\u00e3o Jo\u00e3o del Rei \u00e9 um \u00f3rg\u00e3o de presta\u00e7\u00e3o de servi\u00e7os vinculado administrativamente \u00e0 Pr\u00f3 -Reitoria de Pesquisa e Gradua\u00e7\u00e3o e tem como finalidade promover a aquisi\u00e7\u00e3o, organiza\u00e7\u00e3o, conserva\u00e7\u00e3o e dissemina\u00e7\u00e3o da...","og_url":"http:\/\/anu.ufsj.edu.br\/site\/biblioteca\/","og_site_name":"Jornalismo UFSJ","article_publisher":"https:\/\/www.facebook.com\/jornalismoufsj\/","og_image":[{"url":"http:\/\/jornalismo.ufsj.edu.br\/wp-content\/uploads\/2015\/08\/bibliotecaufsj2.jpg?w=300"}],"twitter_card":"summary_large_image","twitter_site":"@jornalismoufsj","twitter_misc":{"Est. tempo de leitura":"1 minuto"},"schema":{"@context":"https:\/\/schema.org","@graph":[{"@type":"WebPage","@id":"http:\/\/anu.ufsj.edu.br\/site\/biblioteca\/","url":"http:\/\/anu.ufsj.edu.br\/site\/biblioteca\/","name":"Biblioteca - Jornalismo UFSJ","isPartOf":{"@id":"http:\/\/jornalismo.ufsj.edu.br\/site\/#website"},"datePublished":"2015-08-07T20:27:57+00:00","dateModified":"2015-08-07T20:27:57+00:00","breadcrumb":{"@id":"http:\/\/anu.ufsj.edu.br\/site\/biblioteca\/#breadcrumb"},"inLanguage":"pt-BR","potentialAction":[{"@type":"ReadAction","target":["http:\/\/anu.ufsj.edu.br\/site\/biblioteca\/"]}]},{"@type":"BreadcrumbList","@id":"http:\/\/anu.ufsj.edu.br\/site\/biblioteca\/#breadcrumb","itemListElement":[{"@type":"ListItem","position":1,"name":"In\u00edcio","item":"http:\/\/jornalismo.ufsj.edu.br\/site\/"},{"@type":"ListItem","position":2,"name":"Biblioteca"}]},{"@type":"WebSite","@id":"http:\/\/jornalismo.ufsj.edu.br\/site\/#website","url":"http:\/\/jornalismo.ufsj.edu.br\/site\/","name":"Jornalismo UFSJ","description":"","potentialAction":[{"@type":"SearchAction","target":{"@type":"EntryPoint","urlTemplate":"http:\/\/jornalismo.ufsj.edu.br\/site\/?s={search_term_string}"},"query-input":"required name=search_term_string"}],"inLanguage":"pt-BR"}]}},"_links":{"self":[{"href":"http:\/\/anu.ufsj.edu.br\/site\/wp-json\/wp\/v2\/pages\/683"}],"collection":[{"href":"http:\/\/anu.ufsj.edu.br\/site\/wp-json\/wp\/v2\/pages"}],"about":[{"href":"http:\/\/anu.ufsj.edu.br\/site\/wp-json\/wp\/v2\/types\/page"}],"author":[{"embeddable":true,"href":"http:\/\/anu.ufsj.edu.br\/site\/wp-json\/wp\/v2\/users\/3"}],"replies":[{"embeddable":true,"href":"http:\/\/anu.ufsj.edu.br\/site\/wp-json\/wp\/v2\/comments?post=683"}],"version-history":[{"count":0,"href":"http:\/\/anu.ufsj.edu.br\/site\/wp-json\/wp\/v2\/pages\/683\/revisions"}],"wp:attachment":[{"href":"http:\/\/anu.ufsj.edu.br\/site\/wp-json\/wp\/v2\/media?parent=683"}],"curies":[{"name":"wp","href":"https:\/\/api.w.org\/{rel}","templated":true}]}}