{"id":686,"date":"2015-08-07T20:29:27","date_gmt":"2015-08-07T20:29:27","guid":{"rendered":"http:\/\/jornalismo.ufsj.edu.br\/?page_id=686"},"modified":"2015-08-07T20:29:27","modified_gmt":"2015-08-07T20:29:27","slug":"informacoes-gerais","status":"publish","type":"page","link":"http:\/\/anu.ufsj.edu.br\/site\/o-curso\/informacoes-gerais\/","title":{"rendered":"Informa\u00e7\u00f5es Gerais"},"content":{"rendered":"<p>A\u00a0gradua\u00e7\u00e3o em Comunica\u00e7\u00e3o Social &#8211; Jornalismo, da Universidade Federal de S\u00e3o Jo\u00e3o del-Rei &#8211; MG (UFSJ),\u00a0tem por objetivo a forma\u00e7\u00e3o de um profissional com vis\u00e3o cr\u00edtica e anal\u00edtica, habilitado ao exerc\u00edcio da pr\u00e1tica jornal\u00edstica em qualquer ve\u00edculo de comunica\u00e7\u00e3o \u2013 jornal, revista, produ\u00e7\u00e3o de livros-reportagem, televis\u00e3o, r\u00e1dio, internet \u2013 e em assessorias de imprensa e comunica\u00e7\u00e3o de institui\u00e7\u00f5es p\u00fablicas e privadas, sindicatos, associa\u00e7\u00f5es comunit\u00e1rias, organiza\u00e7\u00f5es n\u00e3o governamentais e demais entidades sociais.\u00a0Busca tamb\u00e9m preparar o aluno para empreender e criar seu pr\u00f3prio neg\u00f3cio de presta\u00e7\u00e3o de servi\u00e7os de comunica\u00e7\u00e3o ou estabelecer seu pr\u00f3prio ve\u00edculo de comunica\u00e7\u00e3o. Conhe\u00e7a o <strong><a href=\"http:\/\/www.ufsj.edu.br\/portal2-repositorio\/File\/jornalismo\/PPC2016.pdf\">Projeto Pedag\u00f3gico<\/a><\/strong> do Curso de Jornalismo da UFSJ.<\/p>\n<p>O mercado de trabalho do jornalista inclui, tamb\u00e9m, o exerc\u00edcio da doc\u00eancia em institui\u00e7\u00f5es de ensino superior, dedica\u00e7\u00e3o \u00e0 pesquisa e progress\u00e3o na vida acad\u00eamica (especializa\u00e7\u00e3o, mestrado e doutorado).\u00a0O\u00a0<strong>bacharelado<\/strong>\u00a0ainda procura atender e suprir a demanda por profissionais especializados, principalmente na \u00e1rea de Jornalismo Cultural.\u00a0O\u00a0<strong>curso noturno<\/strong>,<strong>\u00a0<\/strong>alocado no Campus Tancredo de Almeida Neves (CTAN),\u00a0proporciona s\u00f3lida forma\u00e7\u00e3o pr\u00e1tica e te\u00f3rica ao longo de oito semestres (<strong>quatro anos<\/strong>).\u00a0<strong>Anualmente<\/strong>\u00a0s\u00e3o oferecidas\u00a0<strong>50 vaga<\/strong>s por meio de\u00a0<a href=\"http:\/\/www.ufsj.edu.br\/vestibular\/\"><strong>processo seletivo<\/strong><\/a>.\u00a0O curso, vinculado ao Departamento de Letras, Artes e Cultura (DELAC), iniciou suas atividades em 2009, com a ades\u00e3o da institui\u00e7\u00e3o ao\u00a0<strong><a href=\"http:\/\/reuni.mec.gov.br\/\">REUNI<\/a>.<\/strong><\/p>\n<p>OBJETIVOS<\/p>\n<p>\u2022 Incentivar a reflex\u00e3o e a investiga\u00e7\u00e3o sobre processos comunicacionais e suas transforma\u00e7\u00f5es diante das mudan\u00e7as que as novas tecnologias de informa\u00e7\u00e3o introduzem na sociedade contempor\u00e2nea;<br \/>\n\u2022 Atender a demanda por recursos humanos qualificados, capazes de desenvolver uma vis\u00e3o cr\u00edtica e anal\u00edtica para responder \u00e0s exig\u00eancias de um mercado competitivo;<br \/>\n\u2022 Contribuir com a preserva\u00e7\u00e3o da mem\u00f3ria cultural, hist\u00f3rica e social, a partir da reflex\u00e3o sobre as diversas teorias da comunica\u00e7\u00e3o e de suas interfaces com outras \u00e1reas do conhecimento;<br \/>\n\u2022\u00a0Possibilitar uma forma\u00e7\u00e3o baseada na \u00e9tica e participa\u00e7\u00e3o, para que os alunos\u00a0obtenham o m\u00e1ximo da t\u00e9cnica de produ\u00e7\u00e3o e de transmiss\u00e3o da mensagem, seja ela informativa ou institucional.<\/p>\n<p>PERFIL DO EGRESSO<\/p>\n<p>\u2022 Reflex\u00e3o cr\u00edtica sobre a fun\u00e7\u00e3o do jornalismo na sociedade;<br \/>\n\u2022 Exerc\u00edcio da \u00e9tica jornal\u00edstica na apura\u00e7\u00e3o, interpreta\u00e7\u00e3o, registro e divulga\u00e7\u00e3o dos fatos;<br \/>\n\u2022 Conhecimento e dom\u00ednio de t\u00e9cnicas e processos comunicacionais e tecnol\u00f3gicos pertinentes \u00e0 atividade jornal\u00edstica;<br \/>\n\u2022 Produ\u00e7\u00e3o de informa\u00e7\u00f5es relacionadas a fatos, circunst\u00e2ncias e contextos;<br \/>\n\u2022 Atua\u00e7\u00e3o em assessorias na aprecia\u00e7\u00e3o de conjuntura e defini\u00e7\u00e3o de estrat\u00e9gias, convertendo-as em a\u00e7\u00f5es de comunica\u00e7\u00e3o jornal\u00edstica apropriadas;<br \/>\n\u2022 Gest\u00e3o de ve\u00edculos de comunica\u00e7\u00e3o e de empresas prestadoras de servi\u00e7os de comunica\u00e7\u00e3o jornal\u00edstica;<br \/>\n\u2022 Desempenho das fun\u00e7\u00f5es profissionais pr\u00f3prias da \u00e1rea, em suas interfaces e intera\u00e7\u00f5es com atividades correlatas nos campos das ci\u00eancias, da cultura e das artes.<\/p>\n<p>FORMA\u00c7\u00d5ES ESPEC\u00cdFICAS<\/p>\n<p><strong>O Ensino no Curso de Jornalismo da UFSJ<br \/>\n<\/strong><br \/>\n<strong>Forma\u00e7\u00e3o Human\u00edstica<\/strong>: este eixo contempla as disciplinas que possibilitam ao aluno uma forma\u00e7\u00e3o mais ampla na \u00e1rea de humanidades e fortalece o car\u00e1ter interdisciplinar do curso. S\u00e3o oferecidas as unidades curriculares Ci\u00eancias da Linguagem, T\u00f3pico Vari\u00e1vel em Pr\u00e1ticas Discursivas, Antropologia Cultural, Hist\u00f3ria da Arte, Sociologia Geral e da Comunica\u00e7\u00e3o, Filosofia Geral e da Comunica\u00e7\u00e3o e Psicologia Geral e da Comunica\u00e7\u00e3o.<\/p>\n<p><strong>Forma\u00e7\u00e3o Te\u00f3rica em Comunica\u00e7\u00e3o e em Jornalismo<\/strong>: este eixo tem como objetivo dar o embasamento te\u00f3rico e conceitual na \u00e1rea de Comunica\u00e7\u00e3o e de Jornalismo, a partir da compreens\u00e3o de que a Comunica\u00e7\u00e3o constitui um campo do saber multifacetado e em plena expans\u00e3o. Inclui disciplinas como Teorias da Comunica\u00e7\u00e3o, Teorias do Jornalismo, Hist\u00f3ria do Jornalismo, \u00c9tica e Legisla\u00e7\u00e3o em Jornalismo, Teorias do Radiojornalismo, Teorias do Telejornalismo, Jornalismo Online, An\u00e1lise Cr\u00edtica da M\u00eddia, Comunica\u00e7\u00e3o Comparada, T\u00f3pico Vari\u00e1vel em Comunica\u00e7\u00e3o e Cultura, T\u00f3pico Vari\u00e1vel em Comunica\u00e7\u00e3o Regional, Comunica\u00e7\u00e3o Organizacional e Gest\u00e3o de Empresas em Comunica\u00e7\u00e3o.<\/p>\n<p><strong>Forma\u00e7\u00e3o Espec\u00edfica em Pr\u00e1ticas Jornal\u00edsticas<\/strong>:<\/p>\n<p>I \u2013 Forma\u00e7\u00e3o em Jornalismo Impresso: a partir das disciplinas Oficina de Jornalismo Impresso e Reportagens Especiais para Jornalismo Impresso.<\/p>\n<p>II \u2013 Forma\u00e7\u00e3o em Jornalismo Audiovisual: por meio das disciplinas Oficina de Radiojornalismo, Oficina de Telejornalismo e Document\u00e1rio para TV.<\/p>\n<p>III \u2013 Forma\u00e7\u00e3o em Webjornalismo: por meio das disciplinas Oficina de Jornalismo Online.<\/p>\n<p>IV \u2013 Forma\u00e7\u00e3o em Assessoria de Imprensa: por meio da disciplina Assessoria de Imprensa.<\/p>\n<p><strong>Forma\u00e7\u00e3o em Pesquisa em Comunica\u00e7\u00e3o e em Jornalismo<\/strong>: com o intuito de familiarizar os alunos com as t\u00e9cnicas de investiga\u00e7\u00e3o cient\u00edfica na \u00e1rea de Comunica\u00e7\u00e3o e Jornalismo, s\u00e3o oferecidas as disciplinas Metodologia Cient\u00edfica, Introdu\u00e7\u00e3o ao Projeto Experimental e Projeto Experimental em Jornalismo. Para isso, o curso conta hoje com salas de aula, gabinetes para os docentes, a secretaria do curso, o Laborat\u00f3rio de Processos Jornal\u00edsticos e Informacionais, o Laborat\u00f3rio de Processos Fotogr\u00e1ficos, o Laborat\u00f3rio de R\u00e1dio e o Laborat\u00f3rio de TV (em fase de implanta\u00e7\u00e3o).<\/p>\n<p><strong>Forma\u00e7\u00e3o em T\u00e9cnicas Jornal\u00edstica<\/strong>s: este eixo busca familiarizar o aluno com as T\u00e9cnicas Jornal\u00edsticas, por meio de disciplinas como Narrativas Jornal\u00edsticas, T\u00e9cnicas Jornal\u00edsticas, Fotojornalismo e Planejamento Visual Gr\u00e1fico.<\/p>\n<p><strong>Forma\u00e7\u00e3o em Jornalismo Especializado<\/strong>: este eixo \u00e9 flex\u00edvel no curso e permite que o aluno busque se especializar em determinadas \u00e1reas do jornalismo, por meio das disciplinas Jornalismo Cultural, Jornalismo Internacional, Jornalismo Pol\u00edtico, Jornalismo Econ\u00f4mico, Jornalismo Cient\u00edfico, Jornalismo Ambiental e Jornalismo Esportivo.<\/p>\n","protected":false},"excerpt":{"rendered":"<p>A\u00a0gradua\u00e7\u00e3o em Comunica\u00e7\u00e3o Social &#8211; Jornalismo, da Universidade Federal de S\u00e3o Jo\u00e3o del-Rei &#8211; MG (UFSJ),\u00a0tem por objetivo a forma\u00e7\u00e3o de um profissional com vis\u00e3o cr\u00edtica e anal\u00edtica, habilitado ao exerc\u00edcio da pr\u00e1tica jornal\u00edstica em qualquer ve\u00edculo de comunica\u00e7\u00e3o \u2013&#8230;<\/p>\n","protected":false},"author":3,"featured_media":0,"parent":689,"menu_order":0,"comment_status":"open","ping_status":"open","template":"page-template-fullwidth.php","meta":{"_monsterinsights_skip_tracking":false,"_monsterinsights_sitenote_active":false,"_monsterinsights_sitenote_note":"","_monsterinsights_sitenote_category":0},"yoast_head":"<!-- This site is optimized with the Yoast SEO plugin v20.6 - https:\/\/yoast.com\/wordpress\/plugins\/seo\/ -->\n<title>Informa\u00e7\u00f5es Gerais - Jornalismo UFSJ<\/title>\n<meta name=\"robots\" content=\"index, follow, max-snippet:-1, max-image-preview:large, max-video-preview:-1\" \/>\n<link rel=\"canonical\" href=\"https:\/\/jornalismo.ufsj.edu.br\/site\/o-curso\/informacoes-gerais\/\" \/>\n<meta property=\"og:locale\" content=\"pt_BR\" \/>\n<meta property=\"og:type\" content=\"article\" \/>\n<meta property=\"og:title\" content=\"Informa\u00e7\u00f5es Gerais - Jornalismo UFSJ\" \/>\n<meta property=\"og:description\" content=\"A\u00a0gradua\u00e7\u00e3o em Comunica\u00e7\u00e3o Social &#8211; Jornalismo, da Universidade Federal de S\u00e3o Jo\u00e3o del-Rei &#8211; MG (UFSJ),\u00a0tem por objetivo a forma\u00e7\u00e3o de um profissional com vis\u00e3o cr\u00edtica e anal\u00edtica, habilitado ao exerc\u00edcio da pr\u00e1tica jornal\u00edstica em qualquer ve\u00edculo de comunica\u00e7\u00e3o \u2013...\" \/>\n<meta property=\"og:url\" content=\"https:\/\/jornalismo.ufsj.edu.br\/site\/o-curso\/informacoes-gerais\/\" \/>\n<meta property=\"og:site_name\" content=\"Jornalismo UFSJ\" \/>\n<meta property=\"article:publisher\" content=\"https:\/\/www.facebook.com\/jornalismoufsj\/\" \/>\n<meta name=\"twitter:card\" content=\"summary_large_image\" \/>\n<meta name=\"twitter:site\" content=\"@jornalismoufsj\" \/>\n<meta name=\"twitter:label1\" content=\"Est. tempo de leitura\" \/>\n\t<meta name=\"twitter:data1\" content=\"5 minutos\" \/>\n<script type=\"application\/ld+json\" class=\"yoast-schema-graph\">{\"@context\":\"https:\/\/schema.org\",\"@graph\":[{\"@type\":\"WebPage\",\"@id\":\"https:\/\/jornalismo.ufsj.edu.br\/site\/o-curso\/informacoes-gerais\/\",\"url\":\"https:\/\/jornalismo.ufsj.edu.br\/site\/o-curso\/informacoes-gerais\/\",\"name\":\"Informa\u00e7\u00f5es Gerais - Jornalismo UFSJ\",\"isPartOf\":{\"@id\":\"http:\/\/jornalismo.ufsj.edu.br\/site\/#website\"},\"datePublished\":\"2015-08-07T20:29:27+00:00\",\"dateModified\":\"2015-08-07T20:29:27+00:00\",\"breadcrumb\":{\"@id\":\"https:\/\/jornalismo.ufsj.edu.br\/site\/o-curso\/informacoes-gerais\/#breadcrumb\"},\"inLanguage\":\"pt-BR\",\"potentialAction\":[{\"@type\":\"ReadAction\",\"target\":[\"https:\/\/jornalismo.ufsj.edu.br\/site\/o-curso\/informacoes-gerais\/\"]}]},{\"@type\":\"BreadcrumbList\",\"@id\":\"https:\/\/jornalismo.ufsj.edu.br\/site\/o-curso\/informacoes-gerais\/#breadcrumb\",\"itemListElement\":[{\"@type\":\"ListItem\",\"position\":1,\"name\":\"In\u00edcio\",\"item\":\"http:\/\/jornalismo.ufsj.edu.br\/site\/\"},{\"@type\":\"ListItem\",\"position\":2,\"name\":\"O curso\",\"item\":\"https:\/\/jornalismo.ufsj.edu.br\/site\/o-curso\/\"},{\"@type\":\"ListItem\",\"position\":3,\"name\":\"Informa\u00e7\u00f5es Gerais\"}]},{\"@type\":\"WebSite\",\"@id\":\"http:\/\/jornalismo.ufsj.edu.br\/site\/#website\",\"url\":\"http:\/\/jornalismo.ufsj.edu.br\/site\/\",\"name\":\"Jornalismo UFSJ\",\"description\":\"\",\"potentialAction\":[{\"@type\":\"SearchAction\",\"target\":{\"@type\":\"EntryPoint\",\"urlTemplate\":\"http:\/\/jornalismo.ufsj.edu.br\/site\/?s={search_term_string}\"},\"query-input\":\"required name=search_term_string\"}],\"inLanguage\":\"pt-BR\"}]}<\/script>\n<!-- \/ Yoast SEO plugin. -->","yoast_head_json":{"title":"Informa\u00e7\u00f5es Gerais - Jornalismo UFSJ","robots":{"index":"index","follow":"follow","max-snippet":"max-snippet:-1","max-image-preview":"max-image-preview:large","max-video-preview":"max-video-preview:-1"},"canonical":"https:\/\/jornalismo.ufsj.edu.br\/site\/o-curso\/informacoes-gerais\/","og_locale":"pt_BR","og_type":"article","og_title":"Informa\u00e7\u00f5es Gerais - Jornalismo UFSJ","og_description":"A\u00a0gradua\u00e7\u00e3o em Comunica\u00e7\u00e3o Social &#8211; Jornalismo, da Universidade Federal de S\u00e3o Jo\u00e3o del-Rei &#8211; MG (UFSJ),\u00a0tem por objetivo a forma\u00e7\u00e3o de um profissional com vis\u00e3o cr\u00edtica e anal\u00edtica, habilitado ao exerc\u00edcio da pr\u00e1tica jornal\u00edstica em qualquer ve\u00edculo de comunica\u00e7\u00e3o \u2013...","og_url":"https:\/\/jornalismo.ufsj.edu.br\/site\/o-curso\/informacoes-gerais\/","og_site_name":"Jornalismo UFSJ","article_publisher":"https:\/\/www.facebook.com\/jornalismoufsj\/","twitter_card":"summary_large_image","twitter_site":"@jornalismoufsj","twitter_misc":{"Est. tempo de leitura":"5 minutos"},"schema":{"@context":"https:\/\/schema.org","@graph":[{"@type":"WebPage","@id":"https:\/\/jornalismo.ufsj.edu.br\/site\/o-curso\/informacoes-gerais\/","url":"https:\/\/jornalismo.ufsj.edu.br\/site\/o-curso\/informacoes-gerais\/","name":"Informa\u00e7\u00f5es Gerais - Jornalismo UFSJ","isPartOf":{"@id":"http:\/\/jornalismo.ufsj.edu.br\/site\/#website"},"datePublished":"2015-08-07T20:29:27+00:00","dateModified":"2015-08-07T20:29:27+00:00","breadcrumb":{"@id":"https:\/\/jornalismo.ufsj.edu.br\/site\/o-curso\/informacoes-gerais\/#breadcrumb"},"inLanguage":"pt-BR","potentialAction":[{"@type":"ReadAction","target":["https:\/\/jornalismo.ufsj.edu.br\/site\/o-curso\/informacoes-gerais\/"]}]},{"@type":"BreadcrumbList","@id":"https:\/\/jornalismo.ufsj.edu.br\/site\/o-curso\/informacoes-gerais\/#breadcrumb","itemListElement":[{"@type":"ListItem","position":1,"name":"In\u00edcio","item":"http:\/\/jornalismo.ufsj.edu.br\/site\/"},{"@type":"ListItem","position":2,"name":"O curso","item":"https:\/\/jornalismo.ufsj.edu.br\/site\/o-curso\/"},{"@type":"ListItem","position":3,"name":"Informa\u00e7\u00f5es Gerais"}]},{"@type":"WebSite","@id":"http:\/\/jornalismo.ufsj.edu.br\/site\/#website","url":"http:\/\/jornalismo.ufsj.edu.br\/site\/","name":"Jornalismo UFSJ","description":"","potentialAction":[{"@type":"SearchAction","target":{"@type":"EntryPoint","urlTemplate":"http:\/\/jornalismo.ufsj.edu.br\/site\/?s={search_term_string}"},"query-input":"required name=search_term_string"}],"inLanguage":"pt-BR"}]}},"_links":{"self":[{"href":"http:\/\/anu.ufsj.edu.br\/site\/wp-json\/wp\/v2\/pages\/686"}],"collection":[{"href":"http:\/\/anu.ufsj.edu.br\/site\/wp-json\/wp\/v2\/pages"}],"about":[{"href":"http:\/\/anu.ufsj.edu.br\/site\/wp-json\/wp\/v2\/types\/page"}],"author":[{"embeddable":true,"href":"http:\/\/anu.ufsj.edu.br\/site\/wp-json\/wp\/v2\/users\/3"}],"replies":[{"embeddable":true,"href":"http:\/\/anu.ufsj.edu.br\/site\/wp-json\/wp\/v2\/comments?post=686"}],"version-history":[{"count":0,"href":"http:\/\/anu.ufsj.edu.br\/site\/wp-json\/wp\/v2\/pages\/686\/revisions"}],"up":[{"embeddable":true,"href":"http:\/\/anu.ufsj.edu.br\/site\/wp-json\/wp\/v2\/pages\/689"}],"wp:attachment":[{"href":"http:\/\/anu.ufsj.edu.br\/site\/wp-json\/wp\/v2\/media?parent=686"}],"curies":[{"name":"wp","href":"https:\/\/api.w.org\/{rel}","templated":true}]}}