{"id":723,"date":"2015-08-13T05:37:33","date_gmt":"2015-08-13T05:37:33","guid":{"rendered":"http:\/\/jornalismo.ufsj.edu.br\/?page_id=723"},"modified":"2018-09-27T03:48:18","modified_gmt":"2018-09-27T06:48:18","slug":"alunos","status":"publish","type":"page","link":"http:\/\/anu.ufsj.edu.br\/site\/alunos\/","title":{"rendered":"Alunos"},"content":{"rendered":"<div id=\"casing\">\n<div id=\"content\">\n<div id=\"main\" class=\"main section\">\n<div id=\"Blog1\" class=\"widget Blog\">\n<div class=\"blog-posts hfeed\">\n<div class=\"date-outer\">\n<div class=\"date-posts\">\n<div class=\"post-outer\">\n<div id=\"post\" class=\"post\">\n<div class=\"entry\">\n<div class=\"separator\"><a href=\"http:\/\/jornalismo.ufsj.edu.br\/wp-content\/uploads\/2015\/08\/5eeef-alunos.jpg\"><img loading=\"lazy\" class=\"aligncenter\" src=\"http:\/\/jornalismo.ufsj.edu.br\/wp-content\/uploads\/2015\/08\/5eeef-alunos.jpg?w=300\" alt=\"\" width=\"640\" height=\"208\" border=\"0\" \/><\/a><\/div>\n<p style=\"text-align: justify;\"><strong>VESTIBULAR E TRANSFER\u00caNCIA <\/strong><br \/>\n<span lang=\"PT-BR\">O ingresso no curso de Comunica\u00e7\u00e3o Social &#8211; Jornalismo da Universidade Federal de S\u00e3o Jo\u00e3o del-Rei (UFSJ) ocorre por meio de processo seletivo anual. Para acessar mais informa\u00e7\u00f5es sobre o <b>vestibular<\/b> e ainda ler sobre a<\/span>s regras para transfer\u00eancia externa, <a href=\"http:\/\/www.ufsj.edu.br\/vestibular\"><b>clique aqui<\/b><\/a>. Sobre transfer\u00eancia interna, <a href=\"http:\/\/www.ufsj.edu.br\/dicon\/transferencias.php\"><b>clique aqui<\/b><\/a>.<\/p>\n<p style=\"text-align: justify;\"><strong>CENTRO ACAD\u00caMICO DE COMUNICA\u00c7\u00c3O SOCIAL (CACOS)<\/strong><br \/>\nAcompanhe pelo <strong><a href=\"https:\/\/www.facebook.com\/pages\/CACoS-UFSJ\/1564232940495791\">facebook<\/a>.<\/strong><\/p>\n<p style=\"text-align: justify;\"><strong>V\u00cdDEO DE ACOLHIDA<\/strong><br \/>\nRealiza\u00e7\u00e3o: CACOS (Centro Acad\u00eamico de Comunica\u00e7\u00e3o Social)<br \/>\n[youtube https:\/\/www.youtube.com\/watch?v=dnCrDYf4Dj4]<\/p>\n<p style=\"text-align: justify;\"><strong>ACOMPANHAMENTO E CONTROLE ACAD\u00caMICO<\/strong><br \/>\nA Divis\u00e3o de Acompanhamento e Controle Acad\u00eamico (<a href=\"http:\/\/www.ufsj.edu.br\/dicon\/\"><b>DICON<\/b><\/a>), ligada \u00e0 Pr\u00f3-Reitoria de Ensino de Gradua\u00e7\u00e3o: tem por fun\u00e7\u00e3o organizar, supervisionar e executar processos de admiss\u00e3o, registro e controle acad\u00eamico. Sua fun\u00e7\u00e3o, portanto, \u00e9 acompanhar a vida escolar dos alunos desde o seu ingresso na UFSJ, registrando dados e fornecendo documentos por ele solicitados.<\/p>\n<div>\n<p style=\"text-align: justify;\">Os alunos que participam da <b>COLA\u00c7\u00c3O OFICIAL DE GRAU<\/b> devem fazer a solicita\u00e7\u00e3o na DICON com um m\u00eas de anteced\u00eancia. \u00c9 necess\u00e1rio um comprovante nada-consta, emitido pela biblioteca, e o certificado de Atividades Complementares (<a href=\"https:\/\/docs.google.com\/file\/d\/0B7I7il5I6I6aWnZPbld3Y1dKeDg\/edit\"><b>AC<\/b><\/a>) cumpridas. Lembrando que cada aluno tem o seu professor orientador de ACs, com quem deve preencher o formul\u00e1rio para ser entregue na coordenadoria do curso.Os discentes dever\u00e3o solicitar a cola\u00e7\u00e3o de grau em um dos setores de atendimento da DICON via requerimento. O <b><a href=\"http:\/\/www.ufsj.edu.br\/portal-repositorio\/File\/dicon\/formularios\/requerimento_2009.pdf\">requerimento<\/a><\/b> pode ser encaminhado pelo correio.<\/p>\n<p style=\"text-align: justify;\">Telefone do DICON &#8211; Campus Tancredo Neves: (32) 3379-2766.<\/p>\n<\/div>\n<p style=\"text-align: justify;\"><strong>SEASE<\/strong><br \/>\nO Setor de assist\u00eancia estudantil (<b><a href=\"http:\/\/www.ufsj.edu.br\/proex\/assistencia_estudantil.php\">Sease<\/a><\/b>) oferece o Programa de Isen\u00e7\u00e3o da Taxa de Inscri\u00e7\u00e3o para o Processo Seletivo da UFSJ, para aqueles que n\u00e3o t\u00eam condi\u00e7\u00f5es socioecon\u00f4micas de efetuar o pagamento. O Sease est\u00e1 instalado no Solar da Baronesa, na Pra\u00e7a Dr. Augusto das Chagas Viegas, 16, Centro. Telefone: (32) 3379.2511. E-mail: <a href=\"mailto:sease@ufsj.edu.br\"><b>sease@ufsj.edu.br<\/b><\/a>.<\/p>\n<p style=\"text-align: justify;\"><strong>AUX\u00cdLIOS FINANCEIROS<\/strong><br \/>\nO Sease oferece aux\u00edlios financeiros para <b>Apresenta\u00e7\u00e3o de Trabalhos Acad\u00eamicos<\/b>, frutos de projetos de ensino, tecnologia, pesquisa e extens\u00e3o e <b>Participa\u00e7\u00e3o em Atividades Esportivas<\/b>. As solicita\u00e7\u00f5es dever\u00e3o ser feitas antecipadamente no Sease. H\u00e1 tamb\u00e9m o <b>Aux\u00edlio-alimenta\u00e7\u00e3o<\/b>, destinado \u00e0 aquisi\u00e7\u00e3o de refei\u00e7\u00f5es nos restaurantes credenciados da cidade de S\u00e3o Jo\u00e3o del-Rei.<\/p>\n<p style=\"text-align: justify;\"><strong>ASSIST\u00caNCIAS<\/strong><br \/>\nO Sease oferece <b>Assist\u00eancia Psicossocial<\/b> por meio de dois projetos: 1.Projeto Longe de Casa: para auxiliar os alunos ingressantes da UFSJ e provenientes de cidades distantes a enfrentarem suas dificuldades de adapta\u00e7\u00e3o na fase inicial dos estudos longe de casa; 2.Projeto de Atendimento \u00e0 Sa\u00fade Mental: propicia apoio, orienta\u00e7\u00e3o, fortalecimento da auto-estima, desenvolvimento dos recursos internos do aluno, para que ele possa lidar de forma satisfat\u00f3ria com uma poss\u00edvel situa\u00e7\u00e3o-problema.\u00a0Confira mais informa\u00e7\u00f5es sobre o\u00a0<b><a href=\"http:\/\/www.ufsj.edu.br\/noticias_ler.php?codigo_noticia=4062\" target=\"_blank\" rel=\"noopener noreferrer\">Atendimento Psicol\u00f3gico<\/a><\/b>.O Sease tamb\u00e9m oferece <b>Assist\u00eancia \u00e0 Sa\u00fade F\u00edsica<\/b> &#8211; atendendo alunos que necessitam de atendimento m\u00e9dico, de cl\u00ednica m\u00e9dica, ginecologia e oftalmologia, al\u00e9m de oferecer exames laboratoriais e aux\u00edlio para confec\u00e7\u00e3o de \u00f3culos\u00a0-, <b>Assist\u00eancia \u00e0 sa\u00fade Bucal<\/b> &#8211; aux\u00edlio a tratamentos odontol\u00f3gicos &#8211; e <b>Assist\u00eancia de Moradia<\/b> &#8211; o Sease atualiza a cada semestre o cadastro de oferta de moradias, oferecendo informa\u00e7\u00f5es sobre vagas.<\/p>\n<p style=\"text-align: justify;\"><strong>BOLSA ATIVIDADE<\/strong><br \/>\nTem como objetivo amenizar as condi\u00e7\u00f5es de perman\u00eancia de estudantes de gradua\u00e7\u00e3o, regulamente matriculados e com limita\u00e7\u00f5es econ\u00f4micas, para arcar com os custos adicionais de sua estada na UFSJ. O processo de sele\u00e7\u00e3o \u00e9 feito atrav\u00e9s da avalia\u00e7\u00e3o das condi\u00e7\u00f5es socioecon\u00f4micas do candidato pelo Servi\u00e7o de Assist\u00eancia Estudantil (Sease). Per\u00edodo de inscri\u00e7\u00e3o: 1 semestre letivo de cada ano. Atualmente, a UFSJ oferece 230 bolsas atividades &#8211; al\u00e9m de R$ 360,00, tem vale alimenta\u00e7\u00e3o e vale transporte.<\/p>\n<p style=\"text-align: justify;\"><strong>MONITORIA<\/strong><br \/>\nA monitoria \u00e9 uma atividade facilitadora da comunica\u00e7\u00e3o docente \/ discente em disciplinas da gradua\u00e7\u00e3o, incluindo a produ\u00e7\u00e3o e dissemina\u00e7\u00e3o de conhecimentos e t\u00e9cnicas did\u00e1ticas. O estudante monitor recebe uma bolsa concedida a partir de processo seletivo realizado pela Coordenadoria do Curso de Jornalismo. Conhe\u00e7a as\u00a0<a href=\"http:\/\/www.ufsj.edu.br\/portal2-repositorio\/File\/jornalismo\/MONITORIA\/regras_sobre_%20monitoria_e_%20relatorio.doc\"><b>regras de monitoria<\/b><\/a>. Precisa de ajuda? As bolsas s\u00e3o de R$ 216,00 para 12h e R$ 400,00 para 20h. Novos editais ser\u00e3o publicados aqui. Acompanhe!<\/p>\n<p style=\"text-align: justify;\"><strong>EST\u00c1GIO<\/strong><br \/>\nPara celebrar o conv\u00eanio de est\u00e1gio com empresas, o aluno e a institui\u00e7\u00e3o devem preencher os <b><a href=\"https:\/\/drive.google.com\/file\/d\/0B7I7il5I6I6aUWhyTVFBdGJjR0E\/edit?usp=sharing\" target=\"_blank\" rel=\"noopener noreferrer\">dados cadastrais<\/a><\/b> e entregar na secretaria do curso de Comunica\u00e7\u00e3o Social &#8211; Jornalismo da UFSJ. Para mais informa\u00e7\u00f5es, acesse o <b><a href=\"https:\/\/docs.google.com\/open?id=0B7I7il5I6I6aSVV4NHhrWFAydXc\">Termos de Pr\u00e1ticas em Jornalismo<\/a><\/b>.<\/p>\n<p style=\"text-align: justify;\"><strong>MOBILIDADE<br \/>\n<\/strong>O Programa permite que alunos da UFSJ possam cursar unidades curriculares em outras Institui\u00e7\u00f5es Federais de Ensino Superior e que alunos de outras IFES tamb\u00e9m possam cursar unidades curriculares na UFSJ, sem perder o v\u00ednculo com a institui\u00e7\u00e3o de origem. <strong><a href=\"http:\/\/www.ufsj.edu.br\/dicon\/mobilidade_estudantil.php\">Saiba mais<\/a><\/strong>.<\/p>\n<p style=\"text-align: justify;\"><strong>INTERC\u00c2MBIO<\/strong><br \/>\nOs programas de mobilidade estudantil s\u00e3o regidos pela\u00a0<b><a href=\"http:\/\/www.ufsj.edu.br\/assin\">Assessoria de Assuntos Internacionais<\/a>\u00a0<\/b>(ASSIN). H\u00e1 vagas para estudantes de Jornalismo nas seguintes Universidades abaixo, que j\u00e1 receberam\/ est\u00e3o recebendo \/ v\u00e3o receber os respectivos alunos:<br \/>\n\u2022 <b><a href=\"http:\/\/www.unsa.edu.ar\/web\/index.php\" target=\"_blank\" rel=\"noopener noreferrer\">Universidade Nacional de Salta<\/a><\/b> (Argentina) &#8211; Danielle da Gama (2014-<b><a href=\"http:\/\/traducaoliteral.wordpress.com\/\" target=\"_blank\" rel=\"noopener noreferrer\">Tradu\u00e7\u00e3o Literal<\/a><\/b>)<br \/>\n\u2022 <a href=\"http:\/\/sigarra.up.pt\/up\/pt\/web_page.inicial\" target=\"_blank\" rel=\"noopener noreferrer\"><b>Universidade do Porto<\/b><\/a> (Portugal) &#8211; Paulo Carvalho (2014),\u00a0Ana Luiza Fernandes Oliveira Santos e Marielle Velloso (2013)<br \/>\n\u2022\u00a0<b><a href=\"http:\/\/www.udem.edu.mx\/home\">Universidad de Monterrey<\/a><\/b>\u00a0(M\u00e9xico) &#8211;\u00a0Samuel Rabay (2014), Eduardo Henrique de Oliveira Gaio (2013-<b><a href=\"http:\/\/sinrumbbo.blogspot.com.br\/\" target=\"_blank\" rel=\"noopener noreferrer\">Sin Rumbo<\/a><\/b>), Claudia Batista L. Rodrigues (2012-<a href=\"http:\/\/maisqueprontas.blogspot.com.br\/\">Malas mais do que prontas!<\/a>)<br \/>\n\u2022\u00a0<b><a href=\"http:\/\/www.umayor.cl\/um\/\">Universidad Mayor<\/a>\u00a0<\/b>(Chile) &#8211; Maria Clara Lauar (2014), Milla Fernandes Vilela Silva (2013-<b><a href=\"http:\/\/madamesassumidas.blogspot.com.br\/\" target=\"_blank\" rel=\"noopener noreferrer\">Madames Assumidas<\/a><\/b>), Ana Gabriela Lima (2012).<br \/>\n\u2022\u00a0<b><a href=\"http:\/\/www.nmsu.edu\/\">New Mexico State University<\/a><\/b>\u00a0(Estados Unidos) &#8211; Marcelo Alves Santos J\u00fanior (2013)<br \/>\n\u2022\u00a0<b><a href=\"http:\/\/www.univ-reims.fr\/\" target=\"_blank\" rel=\"noopener noreferrer\">Universit\u00e9 de Reims Champagne-Ardenne<\/a><\/b>\u00a0(Fran\u00e7a) &#8211;\u00a0Sylvio Ribeiro Hypolito Junior\u00a0(2013-<b><a href=\"http:\/\/lejournalistedeletranger.wordpress.com\/\" target=\"_blank\" rel=\"noopener noreferrer\">Le journaliste de l&#8217;\u00e9tranger<\/a><\/b>)<br \/>\n\u2022 Est\u00e1gio profissional na empresa <b><a href=\"http:\/\/www.belgrademodernhostel.com\/\">Modern Hostel<\/a><\/b> (Belgrado, S\u00e9rvia) &#8211; Marina Farias (2015- <b><a href=\"https:\/\/brasileservia.wordpress.com\/2015\/07\/20\/12\/\">Por que a Servia?<\/a><\/b>)<\/p>\n<p style=\"text-align: justify;\">Para formalizar o processo de equival\u00eancia de disciplinas, a Assessoria Internacional criou um formul\u00e1rio dispon\u00edvel <b><a href=\"http:\/\/ufsj.edu.br\/assin\/equivalencia_de_disciplina_csf.php\" target=\"_blank\" rel=\"noopener noreferrer\">nesse link<\/a><\/b>, onde tamb\u00e9m encontra-se a tramita\u00e7\u00e3o necess\u00e1ria dos documentos para proceder com a equival\u00eancia. A tramita\u00e7\u00e3o come\u00e7a com o aluno que, no exterior ainda, preencher\u00e1 o formul\u00e1rio de equival\u00eancia e colher\u00e1 assinaturas da universidade em que se encontra.<\/p>\n<p style=\"text-align: justify;\">Um vez de volta ao Brasil, o aluno leva esse documento juntamente com as ementas das disciplinas cursadas ao Coordenador de curso na UFSJ que analisar\u00e1 as disciplinas cursadas pelo aluno e far\u00e1 a equival\u00eancia no mesmo formul\u00e1rio (a equival\u00eancia \u00e9 feita escrevendo-se, na coluna referente \u00e0 UFSJ, o nome das disciplinas do curr\u00edculo do aluno na UFSJ que equivale \u00e0quelas cursadas por ele no exterior). Depois disso, o aluno comparece \u00e0 ASSIN com esse formul\u00e1rio e com o hist\u00f3rico original (e sua devida vers\u00e3o em portugu\u00eas) da universidade estrangeira para as devidas proced\u00eancias.<\/p>\n<\/div>\n<\/div>\n<\/div>\n<\/div>\n<\/div>\n<\/div>\n<\/div>\n<\/div>\n<\/div>\n<\/div>\n","protected":false},"excerpt":{"rendered":"<p>VESTIBULAR E TRANSFER\u00caNCIA O ingresso no curso de Comunica\u00e7\u00e3o Social &#8211; Jornalismo da Universidade Federal de S\u00e3o Jo\u00e3o del-Rei (UFSJ) ocorre por meio de processo seletivo anual. Para acessar mais informa\u00e7\u00f5es sobre o vestibular e ainda ler sobre as regras&#8230;<\/p>\n","protected":false},"author":3,"featured_media":0,"parent":0,"menu_order":0,"comment_status":"open","ping_status":"open","template":"","meta":{"_monsterinsights_skip_tracking":false,"_monsterinsights_sitenote_active":false,"_monsterinsights_sitenote_note":"","_monsterinsights_sitenote_category":0},"yoast_head":"<!-- This site is optimized with the Yoast SEO plugin v20.6 - https:\/\/yoast.com\/wordpress\/plugins\/seo\/ -->\n<title>Alunos - Jornalismo UFSJ<\/title>\n<meta name=\"robots\" content=\"index, follow, max-snippet:-1, max-image-preview:large, max-video-preview:-1\" \/>\n<link rel=\"canonical\" href=\"https:\/\/jornalismo.ufsj.edu.br\/site\/alunos\/\" \/>\n<meta property=\"og:locale\" content=\"pt_BR\" \/>\n<meta property=\"og:type\" content=\"article\" \/>\n<meta property=\"og:title\" content=\"Alunos - Jornalismo UFSJ\" \/>\n<meta property=\"og:description\" content=\"VESTIBULAR E TRANSFER\u00caNCIA O ingresso no curso de Comunica\u00e7\u00e3o Social &#8211; Jornalismo da Universidade Federal de S\u00e3o Jo\u00e3o del-Rei (UFSJ) ocorre por meio de processo seletivo anual. Para acessar mais informa\u00e7\u00f5es sobre o vestibular e ainda ler sobre as regras...\" \/>\n<meta property=\"og:url\" content=\"https:\/\/jornalismo.ufsj.edu.br\/site\/alunos\/\" \/>\n<meta property=\"og:site_name\" content=\"Jornalismo UFSJ\" \/>\n<meta property=\"article:publisher\" content=\"https:\/\/www.facebook.com\/jornalismoufsj\/\" \/>\n<meta property=\"article:modified_time\" content=\"2018-09-27T06:48:18+00:00\" \/>\n<meta property=\"og:image\" content=\"http:\/\/jornalismo.ufsj.edu.br\/wp-content\/uploads\/2015\/08\/5eeef-alunos.jpg?w=300\" \/>\n<meta name=\"twitter:card\" content=\"summary_large_image\" \/>\n<meta name=\"twitter:site\" content=\"@jornalismoufsj\" \/>\n<meta name=\"twitter:label1\" content=\"Est. tempo de leitura\" \/>\n\t<meta name=\"twitter:data1\" content=\"6 minutos\" \/>\n<script type=\"application\/ld+json\" class=\"yoast-schema-graph\">{\"@context\":\"https:\/\/schema.org\",\"@graph\":[{\"@type\":\"WebPage\",\"@id\":\"https:\/\/jornalismo.ufsj.edu.br\/site\/alunos\/\",\"url\":\"https:\/\/jornalismo.ufsj.edu.br\/site\/alunos\/\",\"name\":\"Alunos - Jornalismo UFSJ\",\"isPartOf\":{\"@id\":\"http:\/\/jornalismo.ufsj.edu.br\/site\/#website\"},\"datePublished\":\"2015-08-13T05:37:33+00:00\",\"dateModified\":\"2018-09-27T06:48:18+00:00\",\"breadcrumb\":{\"@id\":\"https:\/\/jornalismo.ufsj.edu.br\/site\/alunos\/#breadcrumb\"},\"inLanguage\":\"pt-BR\",\"potentialAction\":[{\"@type\":\"ReadAction\",\"target\":[\"https:\/\/jornalismo.ufsj.edu.br\/site\/alunos\/\"]}]},{\"@type\":\"BreadcrumbList\",\"@id\":\"https:\/\/jornalismo.ufsj.edu.br\/site\/alunos\/#breadcrumb\",\"itemListElement\":[{\"@type\":\"ListItem\",\"position\":1,\"name\":\"In\u00edcio\",\"item\":\"http:\/\/jornalismo.ufsj.edu.br\/site\/\"},{\"@type\":\"ListItem\",\"position\":2,\"name\":\"Alunos\"}]},{\"@type\":\"WebSite\",\"@id\":\"http:\/\/jornalismo.ufsj.edu.br\/site\/#website\",\"url\":\"http:\/\/jornalismo.ufsj.edu.br\/site\/\",\"name\":\"Jornalismo UFSJ\",\"description\":\"\",\"potentialAction\":[{\"@type\":\"SearchAction\",\"target\":{\"@type\":\"EntryPoint\",\"urlTemplate\":\"http:\/\/jornalismo.ufsj.edu.br\/site\/?s={search_term_string}\"},\"query-input\":\"required name=search_term_string\"}],\"inLanguage\":\"pt-BR\"}]}<\/script>\n<!-- \/ Yoast SEO plugin. -->","yoast_head_json":{"title":"Alunos - Jornalismo UFSJ","robots":{"index":"index","follow":"follow","max-snippet":"max-snippet:-1","max-image-preview":"max-image-preview:large","max-video-preview":"max-video-preview:-1"},"canonical":"https:\/\/jornalismo.ufsj.edu.br\/site\/alunos\/","og_locale":"pt_BR","og_type":"article","og_title":"Alunos - Jornalismo UFSJ","og_description":"VESTIBULAR E TRANSFER\u00caNCIA O ingresso no curso de Comunica\u00e7\u00e3o Social &#8211; Jornalismo da Universidade Federal de S\u00e3o Jo\u00e3o del-Rei (UFSJ) ocorre por meio de processo seletivo anual. Para acessar mais informa\u00e7\u00f5es sobre o vestibular e ainda ler sobre as regras...","og_url":"https:\/\/jornalismo.ufsj.edu.br\/site\/alunos\/","og_site_name":"Jornalismo UFSJ","article_publisher":"https:\/\/www.facebook.com\/jornalismoufsj\/","article_modified_time":"2018-09-27T06:48:18+00:00","og_image":[{"url":"http:\/\/jornalismo.ufsj.edu.br\/wp-content\/uploads\/2015\/08\/5eeef-alunos.jpg?w=300"}],"twitter_card":"summary_large_image","twitter_site":"@jornalismoufsj","twitter_misc":{"Est. tempo de leitura":"6 minutos"},"schema":{"@context":"https:\/\/schema.org","@graph":[{"@type":"WebPage","@id":"https:\/\/jornalismo.ufsj.edu.br\/site\/alunos\/","url":"https:\/\/jornalismo.ufsj.edu.br\/site\/alunos\/","name":"Alunos - Jornalismo UFSJ","isPartOf":{"@id":"http:\/\/jornalismo.ufsj.edu.br\/site\/#website"},"datePublished":"2015-08-13T05:37:33+00:00","dateModified":"2018-09-27T06:48:18+00:00","breadcrumb":{"@id":"https:\/\/jornalismo.ufsj.edu.br\/site\/alunos\/#breadcrumb"},"inLanguage":"pt-BR","potentialAction":[{"@type":"ReadAction","target":["https:\/\/jornalismo.ufsj.edu.br\/site\/alunos\/"]}]},{"@type":"BreadcrumbList","@id":"https:\/\/jornalismo.ufsj.edu.br\/site\/alunos\/#breadcrumb","itemListElement":[{"@type":"ListItem","position":1,"name":"In\u00edcio","item":"http:\/\/jornalismo.ufsj.edu.br\/site\/"},{"@type":"ListItem","position":2,"name":"Alunos"}]},{"@type":"WebSite","@id":"http:\/\/jornalismo.ufsj.edu.br\/site\/#website","url":"http:\/\/jornalismo.ufsj.edu.br\/site\/","name":"Jornalismo UFSJ","description":"","potentialAction":[{"@type":"SearchAction","target":{"@type":"EntryPoint","urlTemplate":"http:\/\/jornalismo.ufsj.edu.br\/site\/?s={search_term_string}"},"query-input":"required name=search_term_string"}],"inLanguage":"pt-BR"}]}},"_links":{"self":[{"href":"http:\/\/anu.ufsj.edu.br\/site\/wp-json\/wp\/v2\/pages\/723"}],"collection":[{"href":"http:\/\/anu.ufsj.edu.br\/site\/wp-json\/wp\/v2\/pages"}],"about":[{"href":"http:\/\/anu.ufsj.edu.br\/site\/wp-json\/wp\/v2\/types\/page"}],"author":[{"embeddable":true,"href":"http:\/\/anu.ufsj.edu.br\/site\/wp-json\/wp\/v2\/users\/3"}],"replies":[{"embeddable":true,"href":"http:\/\/anu.ufsj.edu.br\/site\/wp-json\/wp\/v2\/comments?post=723"}],"version-history":[{"count":2,"href":"http:\/\/anu.ufsj.edu.br\/site\/wp-json\/wp\/v2\/pages\/723\/revisions"}],"predecessor-version":[{"id":6403,"href":"http:\/\/anu.ufsj.edu.br\/site\/wp-json\/wp\/v2\/pages\/723\/revisions\/6403"}],"wp:attachment":[{"href":"http:\/\/anu.ufsj.edu.br\/site\/wp-json\/wp\/v2\/media?parent=723"}],"curies":[{"name":"wp","href":"https:\/\/api.w.org\/{rel}","templated":true}]}}