{"id":742,"date":"2016-03-03T06:10:47","date_gmt":"2016-03-03T06:10:47","guid":{"rendered":"http:\/\/jornalismo.ufsj.edu.br\/?page_id=742"},"modified":"2019-11-26T13:25:21","modified_gmt":"2019-11-26T16:25:21","slug":"contato","status":"publish","type":"page","link":"http:\/\/anu.ufsj.edu.br\/site\/contato\/","title":{"rendered":"Contato"},"content":{"rendered":"<div id=\"attachment_6874\" style=\"width: 229px\" class=\"wp-caption alignleft\"><a href=\"http:\/\/jornalismo.ufsj.edu.br\/site\/wp-content\/uploads\/2019\/11\/ufsj_ctan_ascom.png\"><img aria-describedby=\"caption-attachment-6874\" loading=\"lazy\" class=\" wp-image-6874\" src=\"http:\/\/jornalismo.ufsj.edu.br\/site\/wp-content\/uploads\/2019\/11\/ufsj_ctan_ascom-300x222.png\" alt=\"\" width=\"219\" height=\"162\" srcset=\"http:\/\/anu.ufsj.edu.br\/site\/wp-content\/uploads\/2019\/11\/ufsj_ctan_ascom-300x222.png 300w, http:\/\/anu.ufsj.edu.br\/site\/wp-content\/uploads\/2019\/11\/ufsj_ctan_ascom.png 632w\" sizes=\"(max-width: 219px) 100vw, 219px\" \/><\/a><p id=\"caption-attachment-6874\" class=\"wp-caption-text\">Cr\u00e9dito da foto: Ascom UFSJ<\/p><\/div>\n<p><strong><span lang=\"PT-BR\">LOCALIZA\u00c7\u00c3O<\/span><\/strong><br \/><span lang=\"PT-BR\">Universidade Federal de S\u00e3o Jo\u00e3o del-Rei<\/span><br \/><span lang=\"PT-BR\">Campus Tancredo de Almeida Neves &#8211; CTAN<\/span><br \/><span lang=\"PT-BR\">Avenida Visconde do Rio Preto, s\/n\u00ba<\/span><br \/><span lang=\"PT-BR\">Bairro Col\u00f4nia do Bengo &#8211; 36301-360<\/span><br \/><span lang=\"PT-BR\">S\u00e3o Jo\u00e3o del-Rei &#8211; MG<\/span><br \/><span lang=\"PT-BR\"><br \/><\/span><\/p>\n<p style=\"text-align: justify;\"><strong><span lang=\"PT-BR\">CONTATO<\/span><\/strong><\/p>\n<ul>\n<li style=\"text-align: justify;\"><span style=\"text-decoration: underline;\"><span lang=\"PT-BR\">Coordenadoria<\/span><\/span><span style=\"text-decoration: underline;\"><span lang=\"PT-BR\"> do Curso de Comunica\u00e7\u00e3o Social &#8211; Jornalismo da UFSJ<\/span><\/span><\/li>\n<\/ul>\n<p style=\"text-align: justify;\">Pr\u00e9dio REUNI II, sala 2.20 E RE<br \/>Telefone: (32) 3379-4977<br \/>Email da Coordenadoria: <b><\/b><b><a href=\"mailto:ccoms.ufsj@gmail.com\" target=\"_blank\" rel=\"noopener noreferrer\" data-auth=\"NotApplicable\">ccoms.ufsj@gmail.com<\/a><br \/><\/b>Hor\u00e1rio de Atendimento: 13h \u00e0s 19h30<br \/>Departamento de Comunica\u00e7\u00e3o Social (<b>DECOMS<\/b>)<\/p>\n<ul>\n<li><u>Equipe Respons\u00e1vel pelo Site<\/u><\/li>\n<\/ul>\n<p>Professora Respons\u00e1vel:<\/p>\n<p style=\"text-align: left;\">Alessandra de Falco Brasileiro Lermen &#8211; E-mail: <a href=\"mailto:alessandrafalco@ufsj.edu.br\">alessandrafalco@ufsj.edu.br<\/a><\/p>\n<p>Estudante Editor de Conte\u00fado:<\/p>\n<p>Arthur Raposo Gomes &#8211; E-mail: <a href=\"mailto:arthurraposogomes@gmail.com\">arthurraposogomes@gmail.com<\/a><\/p>\n<p style=\"text-align: justify;\">Monitores:<br \/>Clara Rosa, \u00cdcaro Chaves e Lorene Souza<\/p>\n<p>T\u00e9cnico Respons\u00e1vel pelo Laborat\u00f3rio de Multim\u00eddia:<\/p>\n<p>Mark Tom Sawyer &#8211; E-mail: <a href=\"mailto:mark@ufsj.edu.br\">mark@ufsj.edu.br<\/a><\/p>\n<p><strong style=\"line-height: 1.7;\">REDES SOCIAIS<\/strong><\/p>\n<p style=\"text-align: justify;\">Voc\u00ea \u00e9 aluno ou ex-aluno do Curso de Jornalismo da UFSJ? Ent\u00e3o participe do\u00a0<b><a href=\"https:\/\/www.facebook.com\/groups\/jornalismoufsj\/\">grupo<\/a><\/b> dos estudantes e curta a <strong><a href=\"https:\/\/www.facebook.com\/jornalismoufsj\">p\u00e1gina<\/a><\/strong> do curso no Facebook. Siga tamb\u00e9m o <strong><a href=\"https:\/\/www.instagram.com\/jornalismoufsj\/\">Instagram<\/a><\/strong>.<br \/>Tem sugest\u00f5es? Envie para: <a href=\"mailto:comunicacaoufsj@gamil.com\"><b>comunicacaoufsj@gmail.com<\/b><\/a><\/p>\n<p>(Atualizado em 26\/11\/2019)<\/p>\n\n\n<p><\/p>\n","protected":false},"excerpt":{"rendered":"<p>LOCALIZA\u00c7\u00c3OUniversidade Federal de S\u00e3o Jo\u00e3o del-ReiCampus Tancredo de Almeida Neves &#8211; CTANAvenida Visconde do Rio Preto, s\/n\u00baBairro Col\u00f4nia do Bengo &#8211; 36301-360S\u00e3o Jo\u00e3o del-Rei &#8211; MG CONTATO Coordenadoria do Curso de Comunica\u00e7\u00e3o Social &#8211; Jornalismo da UFSJ Pr\u00e9dio REUNI II,&#8230;<\/p>\n","protected":false},"author":3,"featured_media":0,"parent":0,"menu_order":0,"comment_status":"open","ping_status":"open","template":"","meta":{"_monsterinsights_skip_tracking":false,"_monsterinsights_sitenote_active":false,"_monsterinsights_sitenote_note":"","_monsterinsights_sitenote_category":0},"yoast_head":"<!-- This site is optimized with the Yoast SEO plugin v20.6 - https:\/\/yoast.com\/wordpress\/plugins\/seo\/ -->\n<title>Contato - Jornalismo UFSJ<\/title>\n<meta name=\"robots\" content=\"index, follow, max-snippet:-1, max-image-preview:large, max-video-preview:-1\" \/>\n<link rel=\"canonical\" href=\"http:\/\/anu.ufsj.edu.br\/site\/contato\/\" \/>\n<meta property=\"og:locale\" content=\"pt_BR\" \/>\n<meta property=\"og:type\" content=\"article\" \/>\n<meta property=\"og:title\" content=\"Contato - Jornalismo UFSJ\" \/>\n<meta property=\"og:description\" content=\"LOCALIZA\u00c7\u00c3OUniversidade Federal de S\u00e3o Jo\u00e3o del-ReiCampus Tancredo de Almeida Neves &#8211; CTANAvenida Visconde do Rio Preto, s\/n\u00baBairro Col\u00f4nia do Bengo &#8211; 36301-360S\u00e3o Jo\u00e3o del-Rei &#8211; MG CONTATO Coordenadoria do Curso de Comunica\u00e7\u00e3o Social &#8211; Jornalismo da UFSJ Pr\u00e9dio REUNI II,...\" \/>\n<meta property=\"og:url\" content=\"http:\/\/anu.ufsj.edu.br\/site\/contato\/\" \/>\n<meta property=\"og:site_name\" content=\"Jornalismo UFSJ\" \/>\n<meta property=\"article:publisher\" content=\"https:\/\/www.facebook.com\/jornalismoufsj\/\" \/>\n<meta property=\"article:modified_time\" content=\"2019-11-26T16:25:21+00:00\" \/>\n<meta property=\"og:image\" content=\"http:\/\/jornalismo.ufsj.edu.br\/site\/wp-content\/uploads\/2019\/11\/ufsj_ctan_ascom-300x222.png\" \/>\n<meta name=\"twitter:card\" content=\"summary_large_image\" \/>\n<meta name=\"twitter:site\" content=\"@jornalismoufsj\" \/>\n<meta name=\"twitter:label1\" content=\"Est. tempo de leitura\" \/>\n\t<meta name=\"twitter:data1\" content=\"1 minuto\" \/>\n<script type=\"application\/ld+json\" class=\"yoast-schema-graph\">{\"@context\":\"https:\/\/schema.org\",\"@graph\":[{\"@type\":\"WebPage\",\"@id\":\"http:\/\/anu.ufsj.edu.br\/site\/contato\/\",\"url\":\"http:\/\/anu.ufsj.edu.br\/site\/contato\/\",\"name\":\"Contato - Jornalismo UFSJ\",\"isPartOf\":{\"@id\":\"http:\/\/jornalismo.ufsj.edu.br\/site\/#website\"},\"datePublished\":\"2016-03-03T06:10:47+00:00\",\"dateModified\":\"2019-11-26T16:25:21+00:00\",\"breadcrumb\":{\"@id\":\"http:\/\/anu.ufsj.edu.br\/site\/contato\/#breadcrumb\"},\"inLanguage\":\"pt-BR\",\"potentialAction\":[{\"@type\":\"ReadAction\",\"target\":[\"http:\/\/anu.ufsj.edu.br\/site\/contato\/\"]}]},{\"@type\":\"BreadcrumbList\",\"@id\":\"http:\/\/anu.ufsj.edu.br\/site\/contato\/#breadcrumb\",\"itemListElement\":[{\"@type\":\"ListItem\",\"position\":1,\"name\":\"In\u00edcio\",\"item\":\"http:\/\/jornalismo.ufsj.edu.br\/site\/\"},{\"@type\":\"ListItem\",\"position\":2,\"name\":\"Contato\"}]},{\"@type\":\"WebSite\",\"@id\":\"http:\/\/jornalismo.ufsj.edu.br\/site\/#website\",\"url\":\"http:\/\/jornalismo.ufsj.edu.br\/site\/\",\"name\":\"Jornalismo UFSJ\",\"description\":\"\",\"potentialAction\":[{\"@type\":\"SearchAction\",\"target\":{\"@type\":\"EntryPoint\",\"urlTemplate\":\"http:\/\/jornalismo.ufsj.edu.br\/site\/?s={search_term_string}\"},\"query-input\":\"required name=search_term_string\"}],\"inLanguage\":\"pt-BR\"}]}<\/script>\n<!-- \/ Yoast SEO plugin. -->","yoast_head_json":{"title":"Contato - Jornalismo UFSJ","robots":{"index":"index","follow":"follow","max-snippet":"max-snippet:-1","max-image-preview":"max-image-preview:large","max-video-preview":"max-video-preview:-1"},"canonical":"http:\/\/anu.ufsj.edu.br\/site\/contato\/","og_locale":"pt_BR","og_type":"article","og_title":"Contato - Jornalismo UFSJ","og_description":"LOCALIZA\u00c7\u00c3OUniversidade Federal de S\u00e3o Jo\u00e3o del-ReiCampus Tancredo de Almeida Neves &#8211; CTANAvenida Visconde do Rio Preto, s\/n\u00baBairro Col\u00f4nia do Bengo &#8211; 36301-360S\u00e3o Jo\u00e3o del-Rei &#8211; MG CONTATO Coordenadoria do Curso de Comunica\u00e7\u00e3o Social &#8211; Jornalismo da UFSJ Pr\u00e9dio REUNI II,...","og_url":"http:\/\/anu.ufsj.edu.br\/site\/contato\/","og_site_name":"Jornalismo UFSJ","article_publisher":"https:\/\/www.facebook.com\/jornalismoufsj\/","article_modified_time":"2019-11-26T16:25:21+00:00","og_image":[{"url":"http:\/\/jornalismo.ufsj.edu.br\/site\/wp-content\/uploads\/2019\/11\/ufsj_ctan_ascom-300x222.png"}],"twitter_card":"summary_large_image","twitter_site":"@jornalismoufsj","twitter_misc":{"Est. tempo de leitura":"1 minuto"},"schema":{"@context":"https:\/\/schema.org","@graph":[{"@type":"WebPage","@id":"http:\/\/anu.ufsj.edu.br\/site\/contato\/","url":"http:\/\/anu.ufsj.edu.br\/site\/contato\/","name":"Contato - Jornalismo UFSJ","isPartOf":{"@id":"http:\/\/jornalismo.ufsj.edu.br\/site\/#website"},"datePublished":"2016-03-03T06:10:47+00:00","dateModified":"2019-11-26T16:25:21+00:00","breadcrumb":{"@id":"http:\/\/anu.ufsj.edu.br\/site\/contato\/#breadcrumb"},"inLanguage":"pt-BR","potentialAction":[{"@type":"ReadAction","target":["http:\/\/anu.ufsj.edu.br\/site\/contato\/"]}]},{"@type":"BreadcrumbList","@id":"http:\/\/anu.ufsj.edu.br\/site\/contato\/#breadcrumb","itemListElement":[{"@type":"ListItem","position":1,"name":"In\u00edcio","item":"http:\/\/jornalismo.ufsj.edu.br\/site\/"},{"@type":"ListItem","position":2,"name":"Contato"}]},{"@type":"WebSite","@id":"http:\/\/jornalismo.ufsj.edu.br\/site\/#website","url":"http:\/\/jornalismo.ufsj.edu.br\/site\/","name":"Jornalismo UFSJ","description":"","potentialAction":[{"@type":"SearchAction","target":{"@type":"EntryPoint","urlTemplate":"http:\/\/jornalismo.ufsj.edu.br\/site\/?s={search_term_string}"},"query-input":"required name=search_term_string"}],"inLanguage":"pt-BR"}]}},"_links":{"self":[{"href":"http:\/\/anu.ufsj.edu.br\/site\/wp-json\/wp\/v2\/pages\/742"}],"collection":[{"href":"http:\/\/anu.ufsj.edu.br\/site\/wp-json\/wp\/v2\/pages"}],"about":[{"href":"http:\/\/anu.ufsj.edu.br\/site\/wp-json\/wp\/v2\/types\/page"}],"author":[{"embeddable":true,"href":"http:\/\/anu.ufsj.edu.br\/site\/wp-json\/wp\/v2\/users\/3"}],"replies":[{"embeddable":true,"href":"http:\/\/anu.ufsj.edu.br\/site\/wp-json\/wp\/v2\/comments?post=742"}],"version-history":[{"count":18,"href":"http:\/\/anu.ufsj.edu.br\/site\/wp-json\/wp\/v2\/pages\/742\/revisions"}],"predecessor-version":[{"id":6876,"href":"http:\/\/anu.ufsj.edu.br\/site\/wp-json\/wp\/v2\/pages\/742\/revisions\/6876"}],"wp:attachment":[{"href":"http:\/\/anu.ufsj.edu.br\/site\/wp-json\/wp\/v2\/media?parent=742"}],"curies":[{"name":"wp","href":"https:\/\/api.w.org\/{rel}","templated":true}]}}