{"id":748,"date":"2015-08-13T06:30:07","date_gmt":"2015-08-13T06:30:07","guid":{"rendered":"http:\/\/jornalismo.ufsj.edu.br\/?page_id=748"},"modified":"2018-10-30T21:40:11","modified_gmt":"2018-10-31T00:40:11","slug":"multimidia","status":"publish","type":"page","link":"http:\/\/anu.ufsj.edu.br\/site\/multimidia\/","title":{"rendered":"Multim\u00eddia"},"content":{"rendered":"<p><a href=\"http:\/\/jornalismo.ufsj.edu.br\/wp-content\/uploads\/2015\/08\/labmult.jpg\"><img loading=\"lazy\" class=\"alignnone size-medium wp-image-749\" src=\"http:\/\/jornalismo.ufsj.edu.br\/wp-content\/uploads\/2015\/08\/labmult.jpg?w=300\" alt=\"labmult\" width=\"300\" height=\"98\" \/><\/a><\/p>\n<p style=\"text-align: justify;\"><span lang=\"PT-BR\">O\u00a0<\/span>Laborat\u00f3rio Multim\u00eddia e de Pr\u00e1ticas Jornal\u00edsticas visa a atender \u00e0s necessidades relacionadas \u00e0s disciplinas regulares, atividades interdisciplinares, Trabalhos de Conclus\u00e3o de Curso (TCC) e outras atividades promovidas pelos professores e alunos do curso de Jornalismo.\u00a0Para reserva e uso do espa\u00e7o \u00e9 necess\u00e1rio contatar o professor respons\u00e1vel <strong><a href=\"mailto:chicobrinati@yahoo.com.br\" target=\"_blank\" rel=\"noopener noreferrer\">Francisco Brinati<\/a><\/strong>.<\/p>\n<p style=\"text-align: justify;\">As solicita\u00e7\u00f5es para uso de equipamentos port\u00e1teis do Laborat\u00f3rio Multim\u00eddia devem ser feitas atrav\u00e9s de\u00a0<b><a href=\"https:\/\/drive.google.com\/file\/d\/0ByP1dHgP4H6dRGo1QjNzX0lsUEk\/view?usp=sharing\" target=\"_blank\" rel=\"noopener noreferrer\">Termo de Empr\u00e9stimo<\/a><\/b>, que deve ser assinado pelo professor orientador da atividade. Para mais informa\u00e7\u00f5es sobre empr\u00e9stimo de equipamentos, normas de uso e t\u00e9cnicas, acesse o\u00a0<b><a href=\"https:\/\/docs.google.com\/document\/d\/1whxMhZ37M-ccoKdE_SU-hHS2hfmMbm4RFbnSD6Bdt7E\/edit?usp=sharing\" target=\"_blank\" rel=\"noopener noreferrer\">Regulamento do Laborat\u00f3rio Multim\u00eddia<\/a><\/b>\u00a0e o\u00a0<b><a href=\"https:\/\/docs.google.com\/document\/d\/1Bf2r-QWywhBYpn-KDjTUidjNkHL4gEvNlAIDd97Rb5U\/edit?usp=sharing\" target=\"_blank\" rel=\"noopener noreferrer\">Regulamento Geral dos Laborat\u00f3rios<\/a><\/b>\u00a0do curso de Comunica\u00e7\u00e3o Social &#8211; Jornalismo.<\/p>\n<p><b>Local<\/b>: sala 1.01 RE \u2013 Campus CTAN\/UFSJ<\/p>\n<p style=\"text-align: left;\"><b>Hor\u00e1rio de atendimento<\/b>: per\u00edodo da tarde e noite, mediante agendamento pr\u00e9vio e disponibilidade do laborat\u00f3rio.<br \/>\n<strong>T\u00e9cnico respons\u00e1vel:<\/strong> Mark Tom Sawyer<\/p>\n<p style=\"text-align: left;\"><strong>E-mail de contato:\u00a0<a class=\"jzcNb sxpygb AL18ce\" href=\"mailto:mark@ufsj.edu.br\" target=\"_blank\" rel=\"noopener noreferrer\" data-tooltip=\"Do perfil do usu\u00e1rio do Google\" data-tooltip-position=\"top\">mark@ufsj.edu.br<\/a><\/strong><\/p>\n<p>&nbsp;<\/p>\n<p style=\"text-align: justify;\"><strong>ATEN\u00c7\u00c3O!<\/strong> O hor\u00e1rio matutino ser\u00e1 combinado com monitores e orientadores de projetos de Conclus\u00e3o de Curso, de Pesquisa e de Extens\u00e3o, conforme disponibilidade de hor\u00e1rio. Os professores que necessitarem utilizar o laborat\u00f3rio aos s\u00e1bados dever\u00e3o requisitar \u00e0 Coordenadoria do Curso.<\/p>\n<p style=\"text-align: justify;\"><strong>Normais gerais de atendimento<\/strong><\/p>\n<p style=\"text-align: justify;\">&#8211; \u00c9 vetado o uso do Laborat\u00f3rio para execu\u00e7\u00e3o de trabalhos de terceiros, salvo com a autoriza\u00e7\u00e3o da coordenadoria de curso, sob a supervis\u00e3o de, no m\u00ednimo, um professor ou monitor;<\/p>\n<p style=\"text-align: justify;\">&#8211; N\u00e3o \u00e9 permitido comer, beber ou fumar.<\/p>\n<p style=\"text-align: justify;\">&#8211; Todos os projetos de extens\u00e3o e pesquisa do Curso de Comunica\u00e7\u00e3o Social &#8211; Jornalismo e demais cursos poder\u00e3o ser atendidos pelo laborat\u00f3rio, desde que haja disponibilidade de hor\u00e1rios e que n\u00e3o prejudique o andamento das disciplinas regulares do curso.<\/p>\n<p style=\"text-align: justify;\"><strong>Atribui\u00e7\u00f5es do Laborat\u00f3rio<\/strong><\/p>\n<p style=\"text-align: justify;\">1. Facilitar o ensino e a aprendizagem das t\u00e9cnicas de produ\u00e7\u00e3o de texto para diferentes m\u00eddias: r\u00e1dio, TV, jornal impresso, internet;<\/p>\n<p style=\"text-align: justify;\">2. Facilitar o ensino e a aprendizagem dos diversos programas (softwares) e ferramentas (hardwares) empregados no jornalismo;<\/p>\n<p style=\"text-align: justify;\">3. Permitir a realiza\u00e7\u00e3o de produtos e projetos impressos e audiovisuais;<\/p>\n<p style=\"text-align: justify;\">4. Permitir o acesso \u00e0 Internet para pesquisa.<\/p>\n<p style=\"text-align: justify;\"><strong>Disciplinas Usu\u00e1rias<\/strong><\/p>\n<p style=\"text-align: justify;\"><span lang=\"PT-BR\">O Laborat\u00f3rio Multim\u00eddia e de Pr\u00e1ticas Jornal\u00edsticas, por ser um ambiente de pr\u00e1tica e pesquisa e por estar dotado de softwares espec\u00edficos de trabalho em comunica\u00e7\u00e3o, atender\u00e1, prioritariamente, as seguintes disciplinas: <\/span><\/p>\n<p style=\"text-align: justify;\"><span lang=\"PT-BR\">1. Narrativas Jornal\u00edsticas<br \/>\n2. Produ\u00e7\u00e3o Editorial<br \/>\n3. Oficina de Jornalismo Impresso I<br \/>\n4. Oficina de Jornalismo Impresso II<br \/>\n5. Oficina de Radiojornalismo<br \/>\n6. Oficina de Telejornalismo<br \/>\n7. Comunica\u00e7\u00e3o Organizacional<br \/>\n8. Comunica\u00e7\u00e3o Digital e Webjornalismo<br \/>\n9. Document\u00e1rio<br \/>\n10. Oficina de Webjornalismo<br \/>\n11. Reportagens especiais<br \/>\n12. T\u00f3pico Vari\u00e1vel em Jornalismo Especializado I, II e III<br \/>\n13. Assessoria de Comunica\u00e7\u00e3o<\/span><\/p>\n<p>Todas as outras disciplinas do curso de Comunica\u00e7\u00e3o Social &#8211; Jornalismo que necessitarem os servi\u00e7os do Laborat\u00f3rio Multim\u00eddia e de Pr\u00e1ticas Jornal\u00edsticas dever\u00e3o, mediante consulta \u00e0 Coordenadoria do curso, elaborar programa\u00e7\u00e3o a partir dos hor\u00e1rios vagos existentes na grade de trabalho e ocupa\u00e7\u00e3o do referido espa\u00e7o.<\/p>\n<p style=\"text-align: justify;\"><strong>Servi\u00e7os<\/strong><\/p>\n<p>O Laborat\u00f3rio Multim\u00eddia e de Pr\u00e1ticas Jornal\u00edsticas est\u00e1 habilitado para os seguintes servi\u00e7os:<\/p>\n<p>&#8211; Reda\u00e7\u00e3o, edi\u00e7\u00e3o e impress\u00e3o de textos;<\/p>\n<p>&#8211; Captura e tratamento de imagens;<\/p>\n<p>&#8211; Acesso \u00e0 Internet para pesquisa;<\/p>\n<p>&#8211; Produ\u00e7\u00e3o de jornais impressos e jornais murais, boletins, folders e outros materiais de<br \/>\ncar\u00e1ter jornal\u00edstico e\/ou de divulga\u00e7\u00e3o;<\/p>\n<p>&#8211; Produ\u00e7\u00e3o, cria\u00e7\u00e3o e finaliza\u00e7\u00e3o de pe\u00e7as para m\u00eddias impressas;<\/p>\n<p>&#8211; Cria\u00e7\u00e3o, produ\u00e7\u00e3o e finaliza\u00e7\u00e3o de material online e\/ou em m\u00eddias digitais;<\/p>\n<p>&#8211; Apresenta\u00e7\u00e3o e uso de programas educativos;<\/p>\n<p>&#8211; Cria\u00e7\u00e3o, produ\u00e7\u00e3o e treinamento em software de \u00e1udio e v\u00eddeo.<\/p>\n<p>&nbsp;<\/p>\n<p>&nbsp;<\/p>\n","protected":false},"excerpt":{"rendered":"<p>O\u00a0Laborat\u00f3rio Multim\u00eddia e de Pr\u00e1ticas Jornal\u00edsticas visa a atender \u00e0s necessidades relacionadas \u00e0s disciplinas regulares, atividades interdisciplinares, Trabalhos de Conclus\u00e3o de Curso (TCC) e outras atividades promovidas pelos professores e alunos do curso de Jornalismo.\u00a0Para reserva e uso do espa\u00e7o&#8230;<\/p>\n","protected":false},"author":3,"featured_media":0,"parent":0,"menu_order":0,"comment_status":"open","ping_status":"open","template":"","meta":{"_monsterinsights_skip_tracking":false,"_monsterinsights_sitenote_active":false,"_monsterinsights_sitenote_note":"","_monsterinsights_sitenote_category":0},"yoast_head":"<!-- This site is optimized with the Yoast SEO plugin v20.6 - https:\/\/yoast.com\/wordpress\/plugins\/seo\/ -->\n<title>Multim\u00eddia - Jornalismo UFSJ<\/title>\n<meta name=\"robots\" content=\"index, follow, max-snippet:-1, max-image-preview:large, max-video-preview:-1\" \/>\n<link rel=\"canonical\" href=\"http:\/\/jornalismo.ufsj.edu.br\/site\/multimidia\/\" \/>\n<meta property=\"og:locale\" content=\"pt_BR\" \/>\n<meta property=\"og:type\" content=\"article\" \/>\n<meta property=\"og:title\" content=\"Multim\u00eddia - Jornalismo UFSJ\" \/>\n<meta property=\"og:description\" content=\"O\u00a0Laborat\u00f3rio Multim\u00eddia e de Pr\u00e1ticas Jornal\u00edsticas visa a atender \u00e0s necessidades relacionadas \u00e0s disciplinas regulares, atividades interdisciplinares, Trabalhos de Conclus\u00e3o de Curso (TCC) e outras atividades promovidas pelos professores e alunos do curso de Jornalismo.\u00a0Para reserva e uso do espa\u00e7o...\" \/>\n<meta property=\"og:url\" content=\"http:\/\/jornalismo.ufsj.edu.br\/site\/multimidia\/\" \/>\n<meta property=\"og:site_name\" content=\"Jornalismo UFSJ\" \/>\n<meta property=\"article:publisher\" content=\"https:\/\/www.facebook.com\/jornalismoufsj\/\" \/>\n<meta property=\"article:modified_time\" content=\"2018-10-31T00:40:11+00:00\" \/>\n<meta property=\"og:image\" content=\"http:\/\/jornalismo.ufsj.edu.br\/wp-content\/uploads\/2015\/08\/labmult.jpg?w=300\" \/>\n<meta name=\"twitter:card\" content=\"summary_large_image\" \/>\n<meta name=\"twitter:site\" content=\"@jornalismoufsj\" \/>\n<meta name=\"twitter:label1\" content=\"Est. tempo de leitura\" \/>\n\t<meta name=\"twitter:data1\" content=\"3 minutos\" \/>\n<script type=\"application\/ld+json\" class=\"yoast-schema-graph\">{\"@context\":\"https:\/\/schema.org\",\"@graph\":[{\"@type\":\"WebPage\",\"@id\":\"http:\/\/jornalismo.ufsj.edu.br\/site\/multimidia\/\",\"url\":\"http:\/\/jornalismo.ufsj.edu.br\/site\/multimidia\/\",\"name\":\"Multim\u00eddia - Jornalismo UFSJ\",\"isPartOf\":{\"@id\":\"http:\/\/jornalismo.ufsj.edu.br\/site\/#website\"},\"datePublished\":\"2015-08-13T06:30:07+00:00\",\"dateModified\":\"2018-10-31T00:40:11+00:00\",\"breadcrumb\":{\"@id\":\"http:\/\/jornalismo.ufsj.edu.br\/site\/multimidia\/#breadcrumb\"},\"inLanguage\":\"pt-BR\",\"potentialAction\":[{\"@type\":\"ReadAction\",\"target\":[\"http:\/\/jornalismo.ufsj.edu.br\/site\/multimidia\/\"]}]},{\"@type\":\"BreadcrumbList\",\"@id\":\"http:\/\/jornalismo.ufsj.edu.br\/site\/multimidia\/#breadcrumb\",\"itemListElement\":[{\"@type\":\"ListItem\",\"position\":1,\"name\":\"In\u00edcio\",\"item\":\"http:\/\/jornalismo.ufsj.edu.br\/site\/\"},{\"@type\":\"ListItem\",\"position\":2,\"name\":\"Multim\u00eddia\"}]},{\"@type\":\"WebSite\",\"@id\":\"http:\/\/jornalismo.ufsj.edu.br\/site\/#website\",\"url\":\"http:\/\/jornalismo.ufsj.edu.br\/site\/\",\"name\":\"Jornalismo UFSJ\",\"description\":\"\",\"potentialAction\":[{\"@type\":\"SearchAction\",\"target\":{\"@type\":\"EntryPoint\",\"urlTemplate\":\"http:\/\/jornalismo.ufsj.edu.br\/site\/?s={search_term_string}\"},\"query-input\":\"required name=search_term_string\"}],\"inLanguage\":\"pt-BR\"}]}<\/script>\n<!-- \/ Yoast SEO plugin. -->","yoast_head_json":{"title":"Multim\u00eddia - Jornalismo UFSJ","robots":{"index":"index","follow":"follow","max-snippet":"max-snippet:-1","max-image-preview":"max-image-preview:large","max-video-preview":"max-video-preview:-1"},"canonical":"http:\/\/jornalismo.ufsj.edu.br\/site\/multimidia\/","og_locale":"pt_BR","og_type":"article","og_title":"Multim\u00eddia - Jornalismo UFSJ","og_description":"O\u00a0Laborat\u00f3rio Multim\u00eddia e de Pr\u00e1ticas Jornal\u00edsticas visa a atender \u00e0s necessidades relacionadas \u00e0s disciplinas regulares, atividades interdisciplinares, Trabalhos de Conclus\u00e3o de Curso (TCC) e outras atividades promovidas pelos professores e alunos do curso de Jornalismo.\u00a0Para reserva e uso do espa\u00e7o...","og_url":"http:\/\/jornalismo.ufsj.edu.br\/site\/multimidia\/","og_site_name":"Jornalismo UFSJ","article_publisher":"https:\/\/www.facebook.com\/jornalismoufsj\/","article_modified_time":"2018-10-31T00:40:11+00:00","og_image":[{"url":"http:\/\/jornalismo.ufsj.edu.br\/wp-content\/uploads\/2015\/08\/labmult.jpg?w=300"}],"twitter_card":"summary_large_image","twitter_site":"@jornalismoufsj","twitter_misc":{"Est. tempo de leitura":"3 minutos"},"schema":{"@context":"https:\/\/schema.org","@graph":[{"@type":"WebPage","@id":"http:\/\/jornalismo.ufsj.edu.br\/site\/multimidia\/","url":"http:\/\/jornalismo.ufsj.edu.br\/site\/multimidia\/","name":"Multim\u00eddia - Jornalismo UFSJ","isPartOf":{"@id":"http:\/\/jornalismo.ufsj.edu.br\/site\/#website"},"datePublished":"2015-08-13T06:30:07+00:00","dateModified":"2018-10-31T00:40:11+00:00","breadcrumb":{"@id":"http:\/\/jornalismo.ufsj.edu.br\/site\/multimidia\/#breadcrumb"},"inLanguage":"pt-BR","potentialAction":[{"@type":"ReadAction","target":["http:\/\/jornalismo.ufsj.edu.br\/site\/multimidia\/"]}]},{"@type":"BreadcrumbList","@id":"http:\/\/jornalismo.ufsj.edu.br\/site\/multimidia\/#breadcrumb","itemListElement":[{"@type":"ListItem","position":1,"name":"In\u00edcio","item":"http:\/\/jornalismo.ufsj.edu.br\/site\/"},{"@type":"ListItem","position":2,"name":"Multim\u00eddia"}]},{"@type":"WebSite","@id":"http:\/\/jornalismo.ufsj.edu.br\/site\/#website","url":"http:\/\/jornalismo.ufsj.edu.br\/site\/","name":"Jornalismo UFSJ","description":"","potentialAction":[{"@type":"SearchAction","target":{"@type":"EntryPoint","urlTemplate":"http:\/\/jornalismo.ufsj.edu.br\/site\/?s={search_term_string}"},"query-input":"required name=search_term_string"}],"inLanguage":"pt-BR"}]}},"_links":{"self":[{"href":"http:\/\/anu.ufsj.edu.br\/site\/wp-json\/wp\/v2\/pages\/748"}],"collection":[{"href":"http:\/\/anu.ufsj.edu.br\/site\/wp-json\/wp\/v2\/pages"}],"about":[{"href":"http:\/\/anu.ufsj.edu.br\/site\/wp-json\/wp\/v2\/types\/page"}],"author":[{"embeddable":true,"href":"http:\/\/anu.ufsj.edu.br\/site\/wp-json\/wp\/v2\/users\/3"}],"replies":[{"embeddable":true,"href":"http:\/\/anu.ufsj.edu.br\/site\/wp-json\/wp\/v2\/comments?post=748"}],"version-history":[{"count":4,"href":"http:\/\/anu.ufsj.edu.br\/site\/wp-json\/wp\/v2\/pages\/748\/revisions"}],"predecessor-version":[{"id":6425,"href":"http:\/\/anu.ufsj.edu.br\/site\/wp-json\/wp\/v2\/pages\/748\/revisions\/6425"}],"wp:attachment":[{"href":"http:\/\/anu.ufsj.edu.br\/site\/wp-json\/wp\/v2\/media?parent=748"}],"curies":[{"name":"wp","href":"https:\/\/api.w.org\/{rel}","templated":true}]}}