{"id":846,"date":"2015-08-13T21:50:58","date_gmt":"2015-08-13T21:50:58","guid":{"rendered":"http:\/\/jornalismo.ufsj.edu.br\/?page_id=846"},"modified":"2017-06-03T18:55:06","modified_gmt":"2017-06-03T21:55:06","slug":"projetos","status":"publish","type":"page","link":"http:\/\/anu.ufsj.edu.br\/site\/projetos\/","title":{"rendered":"Projetos Encerrados"},"content":{"rendered":"<div><strong>Mande not\u00edcias: oficinas de m\u00eddia cidad\u00e3<\/strong><\/div>\n<div><span lang=\"PT-BR\">\u2022 Per\u00edodo: abril de 2014 a dezembro\u00a0de 2015<\/span><br \/>\n<span lang=\"PT-BR\">\u2022\u00a0Coordenador: Prof. Dr. Ivan Vasconcelos Figueiredo<\/span><br \/>\n\u2022 Ag\u00eancia Financiadora: PIBEX<br \/>\n<span lang=\"PT-BR\">\u2022\u00a0Alunas bolsistas: Danielle da Gama, Maria Catarina Carvalho, Nayara Ramos.<\/span><\/div>\n<div><span lang=\"PT-BR\">\u2022 <b><a href=\"http:\/\/www.projetomandenoticias.wordpress.com\/\" target=\"_blank\" rel=\"noopener noreferrer\">Blog do Projeto Mande Not\u00edcias <\/a><\/b><\/span><\/div>\n<p><strong><br \/>\nCentro de Refer\u00eancia em Direitos Humanos e Combate \u00e0 Homofobia<br \/>\n<\/strong>\u2022 Per\u00edodo: janeiro de 2012 a janeiro de 2013<br \/>\n\u2022 Coordenador: Prof. Dr. Luiz Ademir de Oliveira<br \/>\n\u2022\u00a0Ag\u00eancia Financiadora: Pr\u00f3-Reitoria de Extens\u00e3o e Assuntos Comunit\u00e1rios da UFSJ (Proex)<br \/>\n\u2022\u00a0Alunos Bolsistas: Carlos Bem Gon\u00e7alves, Paulo Jos\u00e9 de Carvalho e Thamiris Franco Martins<br \/>\n<strong>\u2022 <a href=\"http:\/\/sigproj1.mec.gov.br\/apoiados.php?projeto_id=76880\" target=\"_blank\" rel=\"noopener noreferrer\">Mais informa\u00e7\u00f5es<br \/>\n<\/a><\/strong>O curso de jornalismo da UFSJ em parceria com o Movimento Gay da Regi\u00e3o das Vertentes em S\u00e3o Jo\u00e3o del-Rei\/MG publicou seu jornal fruto do projeto &#8220;Centro de Refer\u00eancia em Direitos Humanos e Combate a Homofobia.&#8221; Saiba mais sobre o movimento, a luta das pessoas vivendo com HIV, a rela\u00e7\u00e3o de pais e filhos homossexuais, a viol\u00eancia contra a mulher entre outros assuntos. Confira a vers\u00e3o online:<\/p>\n<div>\n<div>\n<div class=\"issuuembed issuu-isrendered\">\n<div>\n<div>\n<div class=\"pcover\"><a class=\"read-link\" href=\"http:\/\/issuu.com\/revistamgrv\/docs\/cidadanialgbt1?e=4210333\/2031628\" target=\"_blank\" rel=\"noopener noreferrer\"> <img class=\"aligncenter\" src=\"http:\/\/image.issuu.com\/130410140104-8d7f4863395a4d38b1eb768df2c3f4c4\/jpg\/page_1_thumb_large.jpg\" alt=\"\" \/><br \/>\n<\/a><\/div>\n<\/div>\n<\/div>\n<\/div>\n<div><\/div>\n<div><strong>Ciranda de Contos<\/strong><\/div>\n<div>\u2022\u00a0Per\u00edodo: abril de 2011 a mar\u00e7o de 2012<br \/>\n\u2022 Coordenadora:\u00a0Prof. Dr. Filomena Maria Avelina Bomfim<br \/>\n\u2022\u00a0Alunas: J\u00fania Lovaglio e Michele Santana<\/div>\n<\/div>\n<div>\n<div><strong>Observat\u00f3rio da Cultura<\/strong><\/div>\n<div>\u2022\u00a0Per\u00edodo: mar\u00e7o de 2010 a fevereiro de 2013<br \/>\n\u2022 Coordenador:\u00a0Prof. Dr. Jo\u00e3o Barreto<br \/>\n\u2022\u00a0Professores Participantes:\u00a0Prof. Dra. K\u00e1tia Hallak Lombardi,\u00a0Prof. Dr. Paulo Henrique Caetano e Prof. Dra. Vanessa Barbosa Maia<br \/>\n\u2022\u00a0Ag\u00eancia Financiadora: Pr\u00f3-Reitoria de Extens\u00e3o e Assuntos Comunit\u00e1rios da UFSJ (Proex)<br \/>\n<span lang=\"PT-BR\">\u2022\u00a0Alunos Bolsistas: Andr\u00e9 Neves Pinheiro de Azevedo e Walqu\u00edria Domingues de Souza<\/span><br \/>\n<strong>\u2022\u00a0<a href=\"http:\/\/www.observatoriodacultura.org\/\" target=\"_blank\" rel=\"noopener noreferrer\">Blog do Observat\u00f3rio da Cultura<\/a><\/strong><\/div>\n<p><strong><br \/>\nEstrat\u00e9gias de comunica\u00e7\u00e3o para organiza\u00e7\u00f5es n\u00e3o governamentais: uma parceria entre o curso de Comunica\u00e7\u00e3o Social e a ONG Atua\u00e7\u00e3o, do bairro Tejuco em S\u00e3o Jo\u00e3o del-Rei<br \/>\n<\/strong>\u2022\u00a0Per\u00edodo: mar\u00e7o de 2010 a fevereiro de 2011<br \/>\n\u2022 Coordenador: Prof. Dr. Luiz Ademir de Oliveira<br \/>\n\u2022\u00a0Ag\u00eancia Financiadora: Pr\u00f3-Reitoria de Extens\u00e3o e Assuntos Comunit\u00e1rios da UFSJ (Proex)<br \/>\n<span lang=\"PT-BR\">\u2022\u00a0Aluna Bolsista: L\u00edvia Guimar\u00e3es Carvalho<\/span><\/p>\n<p><strong>5\u00aa Cultural<\/strong><\/p>\n<ul>\n<li style=\"text-align: left;\">Per\u00edodo:<\/li>\n<li style=\"text-align: left;\">Coordenador: Prof. Dr. Ivan Figueiredo Vasconcelos<\/li>\n<li style=\"text-align: left;\">Ag\u00eancia Financiadora:<\/li>\n<li style=\"text-align: left;\">Alunos bolsistas:<\/li>\n<li style=\"text-align: left;\"><a href=\"https:\/\/5cultural.wordpress.com\/\">Blog do Projeto 5\u00aa Cultural<\/a><\/li>\n<\/ul>\n<\/div>\n<p><strong>Hist\u00f3rias Digitais (HD)<\/strong><\/p>\n<ul>\n<li>Per\u00edodo:<\/li>\n<li>Coordenadora: Prof\u00aa. Dr\u00aa. Alessandra de Falco<\/li>\n<li>Ag\u00eancia Financiadora:<\/li>\n<li>Alunos bolsistas:<\/li>\n<\/ul>\n<\/div>\n<p>&nbsp;<\/p>\n","protected":false},"excerpt":{"rendered":"<p>Mande not\u00edcias: oficinas de m\u00eddia cidad\u00e3 \u2022 Per\u00edodo: abril de 2014 a dezembro\u00a0de 2015 \u2022\u00a0Coordenador: Prof. Dr. Ivan Vasconcelos Figueiredo \u2022 Ag\u00eancia Financiadora: PIBEX \u2022\u00a0Alunas bolsistas: Danielle da Gama, Maria Catarina Carvalho, Nayara Ramos. \u2022 Blog do Projeto Mande Not\u00edcias&#8230;<\/p>\n","protected":false},"author":3,"featured_media":0,"parent":0,"menu_order":0,"comment_status":"open","ping_status":"open","template":"","meta":{"_monsterinsights_skip_tracking":false,"_monsterinsights_sitenote_active":false,"_monsterinsights_sitenote_note":"","_monsterinsights_sitenote_category":0},"yoast_head":"<!-- This site is optimized with the Yoast SEO plugin v20.6 - https:\/\/yoast.com\/wordpress\/plugins\/seo\/ -->\n<title>Projetos Encerrados - Jornalismo UFSJ<\/title>\n<meta name=\"robots\" content=\"index, follow, max-snippet:-1, max-image-preview:large, max-video-preview:-1\" \/>\n<link rel=\"canonical\" href=\"https:\/\/jornalismo.ufsj.edu.br\/site\/projetos\/\" \/>\n<meta property=\"og:locale\" content=\"pt_BR\" \/>\n<meta property=\"og:type\" content=\"article\" \/>\n<meta property=\"og:title\" content=\"Projetos Encerrados - Jornalismo UFSJ\" \/>\n<meta property=\"og:description\" content=\"Mande not\u00edcias: oficinas de m\u00eddia cidad\u00e3 \u2022 Per\u00edodo: abril de 2014 a dezembro\u00a0de 2015 \u2022\u00a0Coordenador: Prof. Dr. Ivan Vasconcelos Figueiredo \u2022 Ag\u00eancia Financiadora: PIBEX \u2022\u00a0Alunas bolsistas: Danielle da Gama, Maria Catarina Carvalho, Nayara Ramos. \u2022 Blog do Projeto Mande Not\u00edcias...\" \/>\n<meta property=\"og:url\" content=\"https:\/\/jornalismo.ufsj.edu.br\/site\/projetos\/\" \/>\n<meta property=\"og:site_name\" content=\"Jornalismo UFSJ\" \/>\n<meta property=\"article:publisher\" content=\"https:\/\/www.facebook.com\/jornalismoufsj\/\" \/>\n<meta property=\"article:modified_time\" content=\"2017-06-03T21:55:06+00:00\" \/>\n<meta property=\"og:image\" content=\"http:\/\/image.issuu.com\/130410140104-8d7f4863395a4d38b1eb768df2c3f4c4\/jpg\/page_1_thumb_large.jpg\" \/>\n<meta name=\"twitter:card\" content=\"summary_large_image\" \/>\n<meta name=\"twitter:site\" content=\"@jornalismoufsj\" \/>\n<meta name=\"twitter:label1\" content=\"Est. tempo de leitura\" \/>\n\t<meta name=\"twitter:data1\" content=\"2 minutos\" \/>\n<script type=\"application\/ld+json\" class=\"yoast-schema-graph\">{\"@context\":\"https:\/\/schema.org\",\"@graph\":[{\"@type\":\"WebPage\",\"@id\":\"https:\/\/jornalismo.ufsj.edu.br\/site\/projetos\/\",\"url\":\"https:\/\/jornalismo.ufsj.edu.br\/site\/projetos\/\",\"name\":\"Projetos Encerrados - Jornalismo UFSJ\",\"isPartOf\":{\"@id\":\"http:\/\/jornalismo.ufsj.edu.br\/site\/#website\"},\"datePublished\":\"2015-08-13T21:50:58+00:00\",\"dateModified\":\"2017-06-03T21:55:06+00:00\",\"breadcrumb\":{\"@id\":\"https:\/\/jornalismo.ufsj.edu.br\/site\/projetos\/#breadcrumb\"},\"inLanguage\":\"pt-BR\",\"potentialAction\":[{\"@type\":\"ReadAction\",\"target\":[\"https:\/\/jornalismo.ufsj.edu.br\/site\/projetos\/\"]}]},{\"@type\":\"BreadcrumbList\",\"@id\":\"https:\/\/jornalismo.ufsj.edu.br\/site\/projetos\/#breadcrumb\",\"itemListElement\":[{\"@type\":\"ListItem\",\"position\":1,\"name\":\"In\u00edcio\",\"item\":\"http:\/\/jornalismo.ufsj.edu.br\/site\/\"},{\"@type\":\"ListItem\",\"position\":2,\"name\":\"Projetos Encerrados\"}]},{\"@type\":\"WebSite\",\"@id\":\"http:\/\/jornalismo.ufsj.edu.br\/site\/#website\",\"url\":\"http:\/\/jornalismo.ufsj.edu.br\/site\/\",\"name\":\"Jornalismo UFSJ\",\"description\":\"\",\"potentialAction\":[{\"@type\":\"SearchAction\",\"target\":{\"@type\":\"EntryPoint\",\"urlTemplate\":\"http:\/\/jornalismo.ufsj.edu.br\/site\/?s={search_term_string}\"},\"query-input\":\"required name=search_term_string\"}],\"inLanguage\":\"pt-BR\"}]}<\/script>\n<!-- \/ Yoast SEO plugin. -->","yoast_head_json":{"title":"Projetos Encerrados - Jornalismo UFSJ","robots":{"index":"index","follow":"follow","max-snippet":"max-snippet:-1","max-image-preview":"max-image-preview:large","max-video-preview":"max-video-preview:-1"},"canonical":"https:\/\/jornalismo.ufsj.edu.br\/site\/projetos\/","og_locale":"pt_BR","og_type":"article","og_title":"Projetos Encerrados - Jornalismo UFSJ","og_description":"Mande not\u00edcias: oficinas de m\u00eddia cidad\u00e3 \u2022 Per\u00edodo: abril de 2014 a dezembro\u00a0de 2015 \u2022\u00a0Coordenador: Prof. Dr. Ivan Vasconcelos Figueiredo \u2022 Ag\u00eancia Financiadora: PIBEX \u2022\u00a0Alunas bolsistas: Danielle da Gama, Maria Catarina Carvalho, Nayara Ramos. \u2022 Blog do Projeto Mande Not\u00edcias...","og_url":"https:\/\/jornalismo.ufsj.edu.br\/site\/projetos\/","og_site_name":"Jornalismo UFSJ","article_publisher":"https:\/\/www.facebook.com\/jornalismoufsj\/","article_modified_time":"2017-06-03T21:55:06+00:00","og_image":[{"url":"http:\/\/image.issuu.com\/130410140104-8d7f4863395a4d38b1eb768df2c3f4c4\/jpg\/page_1_thumb_large.jpg"}],"twitter_card":"summary_large_image","twitter_site":"@jornalismoufsj","twitter_misc":{"Est. tempo de leitura":"2 minutos"},"schema":{"@context":"https:\/\/schema.org","@graph":[{"@type":"WebPage","@id":"https:\/\/jornalismo.ufsj.edu.br\/site\/projetos\/","url":"https:\/\/jornalismo.ufsj.edu.br\/site\/projetos\/","name":"Projetos Encerrados - Jornalismo UFSJ","isPartOf":{"@id":"http:\/\/jornalismo.ufsj.edu.br\/site\/#website"},"datePublished":"2015-08-13T21:50:58+00:00","dateModified":"2017-06-03T21:55:06+00:00","breadcrumb":{"@id":"https:\/\/jornalismo.ufsj.edu.br\/site\/projetos\/#breadcrumb"},"inLanguage":"pt-BR","potentialAction":[{"@type":"ReadAction","target":["https:\/\/jornalismo.ufsj.edu.br\/site\/projetos\/"]}]},{"@type":"BreadcrumbList","@id":"https:\/\/jornalismo.ufsj.edu.br\/site\/projetos\/#breadcrumb","itemListElement":[{"@type":"ListItem","position":1,"name":"In\u00edcio","item":"http:\/\/jornalismo.ufsj.edu.br\/site\/"},{"@type":"ListItem","position":2,"name":"Projetos Encerrados"}]},{"@type":"WebSite","@id":"http:\/\/jornalismo.ufsj.edu.br\/site\/#website","url":"http:\/\/jornalismo.ufsj.edu.br\/site\/","name":"Jornalismo UFSJ","description":"","potentialAction":[{"@type":"SearchAction","target":{"@type":"EntryPoint","urlTemplate":"http:\/\/jornalismo.ufsj.edu.br\/site\/?s={search_term_string}"},"query-input":"required name=search_term_string"}],"inLanguage":"pt-BR"}]}},"_links":{"self":[{"href":"http:\/\/anu.ufsj.edu.br\/site\/wp-json\/wp\/v2\/pages\/846"}],"collection":[{"href":"http:\/\/anu.ufsj.edu.br\/site\/wp-json\/wp\/v2\/pages"}],"about":[{"href":"http:\/\/anu.ufsj.edu.br\/site\/wp-json\/wp\/v2\/types\/page"}],"author":[{"embeddable":true,"href":"http:\/\/anu.ufsj.edu.br\/site\/wp-json\/wp\/v2\/users\/3"}],"replies":[{"embeddable":true,"href":"http:\/\/anu.ufsj.edu.br\/site\/wp-json\/wp\/v2\/comments?post=846"}],"version-history":[{"count":3,"href":"http:\/\/anu.ufsj.edu.br\/site\/wp-json\/wp\/v2\/pages\/846\/revisions"}],"predecessor-version":[{"id":6103,"href":"http:\/\/anu.ufsj.edu.br\/site\/wp-json\/wp\/v2\/pages\/846\/revisions\/6103"}],"wp:attachment":[{"href":"http:\/\/anu.ufsj.edu.br\/site\/wp-json\/wp\/v2\/media?parent=846"}],"curies":[{"name":"wp","href":"https:\/\/api.w.org\/{rel}","templated":true}]}}